{"id":621,"date":"2025-06-20T13:46:21","date_gmt":"2025-06-20T11:46:21","guid":{"rendered":"https:\/\/hist4dem.de\/?page_id=621"},"modified":"2025-10-08T10:28:43","modified_gmt":"2025-10-08T08:28:43","slug":"aktionswoche-demokratie-staerken","status":"publish","type":"page","link":"https:\/\/hist4dem.de\/en\/aktionswoche-demokratie-staerken\/","title":{"rendered":"Aktionswoche \u201eDemokratie st\u00e4rken\u201c"},"content":{"rendered":"\n<div class=\"wp-block-group has-global-padding is-layout-constrained wp-block-group-is-layout-constrained\">\n<p>5.\u20139. Mai 2025<\/p>\n\n\n\n<h2 class=\"wp-block-heading has-accent-1-color has-text-color has-link-color wp-elements-44f3d00ba984191d1e806ab674dcc927\">Bundesweit<\/h2>\n\n\n\n<h3 class=\"wp-block-heading\">DEMO|KARTIERT \u2013 Demokratie vor Ort sichtbar machen<\/h3>\n\n\n\n<p>5.-9.5.2025, 24\/7 bundesweit<\/p>\n\n\n\n<details class=\"wp-block-details is-layout-flow wp-block-details-is-layout-flow\"><summary>Details<\/summary>\n<p>Demokratie lebt vom Mitmachen, vom Erinnern, vom Hinschauen. Teile unter dem Hashtag #Demokartiert einen Ort, Platz, ein Denkmal oder einen Moment, der f\u00fcr dich Demokratie bedeutet. Gemeinsam machen wir Demokratie sichtbar!<\/p>\n\n\n\n<p>Kontakt: Kathrin Klausmeier (<a href=\"mailto:kathrin.klausmeier@uni-goettingen.de\">kathrin.klausmeier@uni-goettingen.de<\/a>)<\/p>\n<\/details>\n\n\n\n<hr class=\"wp-block-separator has-alpha-channel-opacity\"\/>\n\n\n\n<h3 class=\"wp-block-heading\">&#8220;Democratic Institutions&#8221;. Drittes Panel der Transatlantischen Gespr\u00e4chsreihe &#8220;Historians on Democracy&#8221;<\/h3>\n\n\n\n<p>6.5.2025, 17\u201318 Uhr (dt. Zeitzone), per Zoom<\/p>\n\n\n\n<details class=\"wp-block-details is-layout-flow wp-block-details-is-layout-flow\"><summary>Details<\/summary>\n<p>Democracy is the subject of intense scholarly and public debate in the United States and around the globe. This virtual conversation series brings together international experts working on the past and present of democracy worldwide to foster understanding of this moment in time.<\/p>\n\n\n\n<p>Die virtuellen Gespr\u00e4che werden im Mai und Juni 2025 fortgesetzt. Daten,Themen und Aufnahmen fr\u00fcherer Panels finden sich auf der Webseite der Max-Weber-Stiftung.<\/p>\n\n\n\n<p>Kontakt und Anmeldelink unter <a href=\"https:\/\/www.maxweberstiftung.de\/en\/newsfeed\/events\/historians-on-democracy.html\">https:\/\/www.maxweberstiftung.de\/en\/newsfeed\/events\/historians-on-democracy.html<\/a><\/p>\n<\/details>\n\n\n\n<hr class=\"wp-block-separator has-alpha-channel-opacity\"\/>\n\n\n\n<h3 class=\"wp-block-heading\">An der Vermittlungsfront: #histojob Museumsguide \u2013 Was hat das mit Demokratie zu tun?<\/h3>\n\n\n\n<p>6.5.2025, 19 Uhr, online: google meet<\/p>\n\n\n\n<details class=\"wp-block-details is-layout-flow wp-block-details-is-layout-flow\"><summary>Details und Anmeldung<\/summary>\n<p>Die Reihe #histojob betrachtet dieses Mal die verantwortungsvolle Aufgabe von Museumsguides. Paula Krumwiede und Anne Mai diskutieren mit euch ihre freiberufliche Arbeit: Aufgaben, Vorbereitungen f\u00fcr Zielgruppen und Herausforderungen der Demokratiebildung. <\/p>\n\n\n\n<p>Anmeldung: info@openhistory.de<\/p>\n\n\n\n<p><\/p>\n<\/details>\n\n\n\n<hr class=\"wp-block-separator has-alpha-channel-opacity\"\/>\n\n\n\n<h3 class=\"wp-block-heading\">Materialien f\u00fcr den Geschichtsunterricht in der Migrationsgesellschaft<\/h3>\n\n\n\n<p>8.5.2025, 10\u201312 Uhr, Big Blue Button<\/p>\n\n\n\n<details class=\"wp-block-details is-layout-flow wp-block-details-is-layout-flow\"><summary>Details<\/summary>\n<p>Die Pluralisierung historischer Erz\u00e4hlungen stellt Geschichtslehrer*innen vor Herausforderungen. Imke Rath (Leibniz-Institut f\u00fcr Bildungsmedien | Georg-Eckert-Institut) pr\u00e4sentiert \u00fcber ein Miro-Board Unterrichtskonzepte und steht f\u00fcr ein Gespr\u00e4ch zur Verf\u00fcgung.<\/p>\n\n\n\n<p>Der Link zu dem Miro-Board wird \u00fcber Big Blue Button zur Verf\u00fcgung gestellt. Dort besteht auch die M\u00f6glichkeit, mit der Leiterin der Fachredaktion &#8220;Zwischent\u00f6ne&#8221; \u00fcber die Materialien ins Gespr\u00e4ch zu treten und Fragen zu diskutieren.<\/p>\n\n\n\n<p>F\u00fcr die Zugangsdaten zu Big Blue Button bitten wir um eine Mail an rath@gei.de.<\/p>\n\n\n\n<p><\/p>\n<\/details>\n\n\n\n<hr class=\"wp-block-separator has-alpha-channel-opacity\"\/>\n\n\n\n<h3 class=\"wp-block-heading\">Rudolf Rempel (1815-1869) &#8211; Journalist, Revolution\u00e4r, Demokrat<\/h3>\n\n\n\n<p>ab 7.5.2025, online via YouTube, The History Miner https:\/\/www.youtube.com\/channel\/UC3PlL0bIV0dBU_didOTYx_w<\/p>\n<\/div>\n\n\n\n<details class=\"wp-block-details is-layout-flow wp-block-details-is-layout-flow\"><summary>Details<\/summary>\n<p>Rudolf Rempel ist einer der weniger bekannten Protagonisten der Revolution von 1848\/49. Der Kurzvortrag beleuchtet Leben und Wirken dieses au\u00dfergew\u00f6hnlichen Politikers.<\/p>\n\n\n\n<p>Kontakt: <strong>info@geschichtsbuero-sobanski.de<\/strong><\/p>\n<\/details>\n\n\n\n<div class=\"wp-block-group has-global-padding is-layout-constrained wp-block-group-is-layout-constrained\">\n<hr class=\"wp-block-separator has-alpha-channel-opacity\"\/>\n\n\n\n<h2 class=\"wp-block-heading has-accent-1-color has-text-color has-link-color wp-elements-6b667a498b9fa7bfaf29e73cfb4fa1cf\">Bayreuth<\/h2>\n\n\n\n<h3 class=\"wp-block-heading\">Kriegserinnerung vor dem Hintergrund des Krieges &#8211; Zeithistorische Perspektiven auf das Ende des Zweiten Weltkrieges 1945<\/h3>\n\n\n\n<p>7.5.2025, 18:00 Uhr, Iwalewa-Haus, W\u00f6lfelstr. 2, 95444 Bayreuth<\/p>\n\n\n\n<details class=\"wp-block-details is-layout-flow wp-block-details-is-layout-flow\"><summary>Details<\/summary>\n<p>Podiumsdiskussion mit Prof. Dr. Christiane Kuller (Univ. Erfurt), Prof. Dr. J\u00f6rg Skribeleit (Gedenkst\u00e4tte Flossenb\u00fcrg und Universit\u00e4t Regensburg) und Dr. J\u00f6rg Osterloh (Fritz Bauer Institut, Frankfurt a.M.), moderiert von von PD Dr. Julia Eichenberg und Prof. Dr. Isabel Heinemann (Univ. Bayreuth)<\/p>\n\n\n\n<p>Weitere Informationen unter h<a href=\"ttps:\/\/www.uni-bayreuth.de\/bayreuther-stadtgespraeche\">ttps:\/\/www.uni-bayreuth.de\/bayreuther-stadtgespraeche<\/a><\/p>\n\n\n\n<p>Kontakt: christiane.kuller@uni-erfurt.de<\/p>\n<\/details>\n\n\n\n<hr class=\"wp-block-separator has-alpha-channel-opacity\"\/>\n\n\n\n<h2 class=\"wp-block-heading has-accent-1-color has-text-color has-link-color wp-elements-9f61b675350deeb4bde56f979f960140\">Berlin<\/h2>\n\n\n\n<h3 class=\"wp-block-heading\">F\u00fchrung durch die Ausstellung &#8220;Vergessene Befreiung. Zwangsarbeiter:innen in Berlin 1945&#8221;<\/h3>\n\n\n\n<p>8.5.2025, 13:30 und 17:30 Uhr, Dokumentationszentrum NS-Zwangsarbeit, Britzer Str. 5, 12439 Berlin<\/p>\n\n\n\n<details class=\"wp-block-details is-layout-flow wp-block-details-is-layout-flow\"><summary>Details<\/summary>\n<p>Anfang 1945 waren 370.000 Zwangsarbeiter:innen, Kriegsgefangene und KZ-H\u00e4ftlinge in Berlin, die nach der Befreiung oft in Sammellagern ausharren mussten. Wir erz\u00e4hlen ihre Geschichte(n).<\/p>\n\n\n\n<p>Kontakt: veranstaltung_ns-zwangsarbeit@topographie.de<\/p>\n<\/details>\n\n\n\n<hr class=\"wp-block-separator has-alpha-channel-opacity\"\/>\n\n\n\n<h3 class=\"wp-block-heading\">Gespr\u00e4ch mit Milo\u0161 M\u011b\u0161\u0165an und Micha de Winter, Nachkommen von Zwangsarbeiter:innen<\/h3>\n\n\n\n<p>8.5.2025, 14:30 Uhr, Dokumentationszentrum NS-Zwangsarbeit, Britzer Str. 5, 12439 Berlin<\/p>\n\n\n\n<details class=\"wp-block-details is-layout-flow wp-block-details-is-layout-flow\"><summary>Details<\/summary>\n<p>Milo\u0161 M\u011b\u0161tan und Micha de Winter sind Nachkommen von Zwangsarbeitern, deren Biografien in der Ausstellung &#8220;Vergessene Befreiung. Zwangsarbeiter:innen in Berlin 1945&#8221; gezeigt werden. Wie diese Erfahrungen auch ihr Leben beeinflussten und was sie pr\u00e4gte, werden wir im Gespr\u00e4ch erfahren.<\/p>\n\n\n\n<p>Kontakt: veranstaltung_ns-zwangsarbeit@topographie.de<\/p>\n<\/details>\n\n\n\n<hr class=\"wp-block-separator has-alpha-channel-opacity\"\/>\n\n\n\n<h3 class=\"wp-block-heading\">Themenf\u00fchrung: Neonazis in der DDR \u2013 am Beispiel der Untersuchungshaftanstalt in der Keibelstra\u00dfe<\/h3>\n\n\n\n<p>8.5.2025, 16 Uhr, Lernort Keibelstra\u00dfe c\/o Senatsverswaltung f\u00fcr Bildung, Bernhard-Wei\u00df-Stra\u00dfe 6, 10178 Berlin<\/p>\n\n\n\n<details class=\"wp-block-details is-layout-flow wp-block-details-is-layout-flow\"><summary>Details und Anmeldung<\/summary>\n<p>Antifaschismus war Staatsdoktrin in der DDR, der Faschismus galt als \u00fcberwunden. Doch sp\u00e4testens Ende der 1980er Jahre war die Existenz neonazistischer Subkulturen nicht mehr zu leugnen. Wie ging die DDR-Staats- und Parteif\u00fchrung mit den nun immer offener auftretenden Neonazis um? Und welche Rolle spielte die Keibelstra\u00dfe bei deren Verfolgung?<\/p>\n\n\n\n<p>Kontakt: anmeldung@keibelstrasse.de<\/p>\n<\/details>\n\n\n\n<hr class=\"wp-block-separator has-alpha-channel-opacity\"\/>\n\n\n\n<h3 class=\"wp-block-heading\">Podiumsdiskussion \u201eDie Erinnerung an das Kriegsende im Wandel\u201c<\/h3>\n\n\n\n<p>8.5.2025, 16:30 Uhr, Dokumentationszentrum NS-Zwangsarbeit, Britzer Str. 5, 12439 Berlin<\/p>\n\n\n\n<details class=\"wp-block-details is-layout-flow wp-block-details-is-layout-flow\"><summary>Details<\/summary>\n<p>Irina Scherbakowa, Mitbegr\u00fcnderin der 2022 mit dem Friedensnobelpreis ausgezeichneten Organisation MEMORIAL, wird mit dem Politikwissenschaftler Prof. Dr. Hans-Joachim Funke \u00fcber die Erinnerung an das Kriegsende im Wandel diskutieren. Das Gespr\u00e4ch wird von Shelly Kupferberg moderiert.<\/p>\n\n\n\n<p>Kontakt: veranstaltung_ns-zwangsarbeit@topographie.de<\/p>\n<\/details>\n\n\n\n<hr class=\"wp-block-separator has-alpha-channel-opacity\"\/>\n\n\n\n<h2 class=\"wp-block-heading has-accent-1-color has-text-color has-link-color wp-elements-e1b3c995f8e8f4f73160182e22e631a9\">Chemnitz<\/h2>\n\n\n\n<h3 class=\"wp-block-heading\">Momente der Befreiung. 80 Jahre nach dem Ende des Zweiten Weltkrieges <\/h3>\n\n\n\n<p>8.5.2025, 18\u201321 Uhr, Weltecho, Annaberger Stra\u00dfe 24<\/p>\n\n\n\n<details class=\"wp-block-details is-layout-flow wp-block-details-is-layout-flow\"><summary>Details<\/summary>\n<p>Am 8. Mai wird es 80 Jahre her sein, dass die milit\u00e4rische Niederlage des deutschen Faschismus endg\u00fcltig besiegelt wurde. Millionen Menschen wurden aus den Vernichtungslagern der Nazis und von den Schrecken des Krieges befreit. Mit unserem Nachdenken \u00fcber den 8. Mai wollen wir \u00fcber ihre Befreiung und ihre Perspektive sprechen: \u00fcber Befreier, Befreite und Befreiung als Perspektive.<\/p>\n\n\n\n<p>Mit:<\/p>\n\n\n\n<p><strong>Dr. Gesine L\u00f6tzsch<\/strong>, Philologin und Politikerin, von 2002-2025 Mitglied des Deutschen Bundestages als direkt gew\u00e4hlte Abgeordnete aus dem Berliner Bezirk Lichtenberg<br><strong>Prof. Gerd-Rainer Horn<\/strong>, Professor f\u00fcr die Geschichte des 20. Jahrhunderts am Institut d\u2019\u00c9tudes Politiques de Paris (Sciences Po)<br><strong>Petra Seedorff<\/strong>, Lehrerin, Autorin und Vorstandsvorsitzende der Internationalen Stefan-Heym-Gesellschaft Chemnitz<\/p>\n\n\n\n<p>Moderation: <strong>Dr. Uwe Sonnenberg<\/strong>, Historiker, Rosa-Luxemburg-Stiftung Berlin<\/p>\n\n\n\n<p>Musikalisch begleitet durch das <strong>K\u00fcnstlertrio Quijote<\/strong><\/p>\n\n\n\n<p>Eine Veranstaltung der Rosa-Luxemburg-Stiftung zusammen mit der Internationalen Stefan-Heym-Gesellschaft<\/p>\n\n\n\n<p>Kontakt: Uwe Sonnenberg \/\/ uwe.sonnenberg@rosalux.org<\/p>\n<\/details>\n\n\n\n<hr class=\"wp-block-separator has-alpha-channel-opacity\"\/>\n\n\n\n<h2 class=\"wp-block-heading has-accent-1-color has-text-color has-link-color wp-elements-514b80b6f1da6b568fc07d8a7b908c1e\">Duisburg<\/h2>\n\n\n\n<h3 class=\"wp-block-heading\">Die Sexbesessenheit der AfD. Rechte im &#8220;Genderwahn&#8221;. Vortrag und Diskussion<\/h3>\n\n\n\n<p>7.5.2025, 18\u201320 Uhr, Duisburg, Caf\u00e9 Museum, Friedrich-Wilhelm-Stra\u00dfe 64, 47051 Duisburg<\/p>\n\n\n\n<details class=\"wp-block-details is-layout-flow wp-block-details-is-layout-flow\"><summary>Details<\/summary>\n<p>Die AfD scheint sexbesessen zu sein. Regelm\u00e4\u00dfig bespielt sie in der \u00d6ffentlichkeit und in den Parlamenten alle m\u00f6glichen Themen rund um Sexualit\u00e4t und Geschlechtlichkeit. Die Hintergr\u00fcnde hat Daniela R\u00fcther in ihrem gleichnamigen Buch genauer untersucht.<\/p>\n\n\n\n<p>Die Veranstaltung wird organisiert von der Arbeitsgemeinschaft sozialdemokratischer Frauen (AsF) Duisburg.<\/p>\n\n\n\n<p>Kontakt: Dr. Daniela R\u00fcther (<a href=\"mailto:daniela.ruether@rub.de\">daniela.ruether@rub.de<\/a>)<\/p>\n<\/details>\n\n\n\n<hr class=\"wp-block-separator has-alpha-channel-opacity\"\/>\n\n\n\n<h2 class=\"wp-block-heading has-accent-1-color has-text-color has-link-color wp-elements-9eb9f8ea804f482e45e13151e5c22581\">Essen<\/h2>\n\n\n\n<h3 class=\"wp-block-heading\">K\u00f6nnen Bilder \u201edemokratisch\u201c sein? Zum Verh\u00e4ltnis von visuellen Medien und Demokratie<\/h3>\n\n\n\n<p>6.5.2025, 14:15\u201315:45 Uhr, Universit\u00e4t Duisburg-Essen, Campus Essen, Universit\u00e4tsstr. 2, Raum S05T00B83 und per Zoom<\/p>\n\n\n\n<details class=\"wp-block-details is-layout-flow wp-block-details-is-layout-flow\"><summary>Details und Anmeldung<\/summary>\n<p>Anl\u00e4sslich der von Donald Trump verordneten \u201eS\u00e4uberung\u201c der Pentagon-Websites von \u201ewoken\u201c Fotos sprechen Christine Bartlitz (Leibniz-Zentrum f\u00fcr Zeithistorische Forschung Potsdam) und Astrid Windus (Historisches Institut, Universit\u00e4t Duisburg-Essen) \u00fcber den Zusammenhang von Bildern und Demokratie.<\/p>\n\n\n\n<p>F\u00fcr die Online-Teilnahme per Zoom wird um Anmeldung per Mail gebeten:<br>astrid.windus1@uni-due.de. Die Veranstaltung wird aufgezeichnet. Mit Ihrer<br>Teilnahme (online oder in Pr\u00e4senz) erkl\u00e4ren Sie sich damit einverstanden, dass die Aufzeichnung ver\u00f6ffentlicht wird (Website von hist4dem, soziale Medien).<\/p>\n\n\n\n<p>Kontakt: Astrid Windus (<a href=\"mailto:astrid.windus1@uni-due.de\">astrid.windus1@uni-due.de<\/a>).<\/p>\n<\/details>\n\n\n\n<hr class=\"wp-block-separator has-alpha-channel-opacity\"\/>\n\n\n\n<h3 class=\"wp-block-heading\">Von Autobahnen, Arbeitslosen und Ahnungslosen \u2013 Zum Umgang mit NS-Mythen im Geschichtsunterricht<\/h3>\n\n\n\n<p>7.5.2025, 12\u201314 Uhr, Universit\u00e4t Duisburg-Essen, Campus Essen, Universit\u00e4tsstr. 2, R12 R06 A93<\/p>\n\n\n\n<details class=\"wp-block-details is-layout-flow wp-block-details-is-layout-flow\"><summary>Details<\/summary>\n<p>Im Geschichtsunterricht trifft man bisweilen auf \u00c4u\u00dferungen zu den angeblich guten Seiten des Nationalsozialismus. Dazu geh\u00f6ren die Autobahnen, die vermeintlich niedrige Kriminalit\u00e4t, die angebliche Wertsch\u00e4tzung von M\u00fcttern und einiges mehr. Derlei NS-Mythen sollen im Seminar dekonstruiert werden.<\/p>\n\n\n\n<p>Kontakt: markus.bernhardt@uni-due.de<\/p>\n<\/details>\n\n\n\n<hr class=\"wp-block-separator has-alpha-channel-opacity\"\/>\n\n\n\n<h3 class=\"wp-block-heading\">Die erste Demokratie in Ostasien: Die Meiji-Restauration als Wendepunkt der Geschichte<\/h3>\n\n\n\n<p>7.5.2025, 14\u201316 Uhr, Universit\u00e4t Duisburg-Essen, Campus Essen, Universit\u00e4tsstr. 2, R12R06A84<\/p>\n\n\n\n<details class=\"wp-block-details is-layout-flow wp-block-details-is-layout-flow\"><summary>Details und Anmeldung<\/summary>\n<p>Nach der Ankunft der schwarzen Schiffe bricht das Shogunat in Japan nach langer Isolation zusammen. Binnen weniger Jahrzehnte wird das Land durch eine neue Elite zur ersten Demokratie Ostasiens umgebaut, die sich bald den Spielregeln des Kolonialismus unterwirft. Der Vortrag skizziert diese einzigartige Entwicklung einer Gesellschaft unter Druck von innen und au\u00dfen. Die kulturellen und politischen Folgen der Entstehung des neuen Verfassungsstaats zwischen 1868 und 1878 wirken bis heute nach und werden als Teil der Demokratiebildung in Deutschland kaum reflektiert.<br>In der unordentlichen Gegenwart, in der gerade westliche Demokratien unter Druck stehen, sind Entstehungsprozesse und historische Perspektiven auf den Wegen entscheidend f\u00fcr Orientierung. Der Vortrag setzt hier an.<\/p>\n\n\n\n<p>Anmeldung unter <a href=\"mailto:jan.siefert@uni-due.de\">jan.siefert@uni-due.de<\/a><\/p>\n\n\n\n<p><\/p>\n<\/details>\n\n\n\n<hr class=\"wp-block-separator has-alpha-channel-opacity\"\/>\n\n\n\n<h3 class=\"wp-block-heading\">Podiumsgespr\u00e4ch (hybrid): &#8220;Krisenzeiten der Demokratie: Eine globalhistorische Spurensuche.&#8221; Podiumsdiskussion (hybrid) mit Stephan Ruderer, Christiane Hoth, Christoph Marx und Norbert Finzsch<\/h3>\n\n\n\n<p>9.5.2025, 17\u201318:30 Uhr, Universit\u00e4t Duisburg-Essen, Campus Essen, Universit\u00e4tsstr. 2, Raum R12 V03 D20 und online auf Zoom<\/p>\n\n\n\n<details class=\"wp-block-details is-layout-flow wp-block-details-is-layout-flow\"><summary>Details und Anmeldung<\/summary>\n<p>Expert*innen zu Lateinamerika, Afrika und den USA diskutieren den Zusammenhang zwischen den unterschiedlichen Demokratie-Geschichten und der aktuellen Zunahme (rechts-)populistischer und autorit\u00e4rer Politiken, die demokratische Institutionen weltweit gef\u00e4hrden und Rechtsstaaten unterh\u00f6hlen.<\/p>\n\n\n\n<p>Anmeldungen bitte an: <a href=\"mailto:astrid.windus1@uni-due.de\">astrid.windus1@uni-due.de<\/a>. Die Veranstaltung wird aufgezeichnet. Mit Ihrer Teilnahme (online oder in Pr\u00e4senz) erkl\u00e4ren Sie sich damit einverstanden, dass die Aufzeichnung ver\u00f6ffentlicht und dauerhaft online zug\u00e4nglich gemacht wird (Website von hist4dem, soziale Medien).<\/p>\n\n\n\n<p><\/p>\n<\/details>\n\n\n\n<hr class=\"wp-block-separator has-alpha-channel-opacity\"\/>\n\n\n\n<h2 class=\"wp-block-heading has-accent-1-color has-text-color has-link-color wp-elements-42524044301cad28448ef367ce127224\" id=\"frankfurt-oder\">Frankfurt (Oder)<\/h2>\n\n\n\n<h3 class=\"wp-block-heading\">Filmvorf\u00fchrung: Eine Stadt und drei Diktaturen (1933\u20131989)<\/h3>\n\n\n\n<p>8.5.2025, 17\u201318 Uhr, Kulturmanufaktur Gerstenberg, Ziegelstra\u00dfe 28A<\/p>\n\n\n\n<details class=\"wp-block-details is-layout-flow wp-block-details-is-layout-flow\"><summary>Details<\/summary>\n<p>Im Rahmen der Aktionswoche der Historiker:innen f\u00fcr eine demokratische Gesellschaft werden im Vorprogramm der Reihe Filmosophie studentische \u201eErkl\u00e4rfilme\u201c gezeigt und von Prof. Klaus Weber sowie Felix T\u00f6ppel M.A. inhaltlich kommentiert. Die kurzen Filme wurden im Rahmen einer Kooperation zwischen der Europa-Universit\u00e4t Viadrina und Prof. Sandro Pezzella an der Hochschule MacroMedia Leipzig von Studierenden produziert. Sie zeigen anhand von wenigen ausgew\u00e4hlten H\u00e4ftlingsschicksalen die Wirkungen von Diktaturen in Frankfurt (Oder). Das Projekt drehte sich um das ehemalige Stadtgef\u00e4ngnis (heute die Gedenk- und Dokumentationsst\u00e4tte \u201eOpfer politischer Gewaltherrschaft\u201c), in dem unter dem Nationalsozialismus, zur Zeit der sowjetische Besatzung und dann bis zum Ende der DDR viele politische Gefangene einsa\u00dfen.<\/p>\n\n\n\n<p>Kontakt: Felix T\u00f6ppel &lt;<a href=\"mailto:toeppel@europa-uni.de\">toeppel@europa-uni.de<\/a>&gt;<\/p>\n<\/details>\n\n\n\n<hr class=\"wp-block-separator has-alpha-channel-opacity\"\/>\n\n\n\n<h2 class=\"wp-block-heading has-accent-1-color has-text-color has-link-color wp-elements-c82b8f1ebdc20e7cd818d7944a946ae3\">Gie\u00dfen<\/h2>\n\n\n\n<h3 class=\"wp-block-heading\">Oberseminar &#8220;Geschichtsdidaktische Forschungen&#8221;<\/h3>\n\n\n\n<p>6.5.2025, 18\u201320 Uhr, Justus-Liebig-Universit\u00e4t Gie\u00dfen, Otto-Behagel-Str. 10, Phil I Raum B 009<\/p>\n\n\n\n<details class=\"wp-block-details is-layout-flow wp-block-details-is-layout-flow\"><summary>Details<\/summary>\n<p>Unter dem Titel &#8220;Zum Umgang mit Uneindeutigkeiten. Chancen f\u00fcr Demokratiebildung aus geschichtsdidaktischer Perspektive&#8221; wird Frau Prof.in Dr.in Franziska Rein von der Uni Hildesheim einen Vortrag zum Thema halten und wir werden gemeinsam die Ambivalenzen des<br>Demokratischen diskutieren.<\/p>\n\n\n\n<p>Kontakt: christian.heuer@uni-giessen.de<\/p>\n<\/details>\n\n\n\n<hr class=\"wp-block-separator has-alpha-channel-opacity\"\/>\n\n\n\n<h2 class=\"wp-block-heading has-accent-1-color has-text-color has-link-color wp-elements-3ad0eaaa91a586452a1cab496a873020\">G\u00f6ttingen<\/h2>\n\n\n\n<h3 class=\"wp-block-heading\">Filmabend und Gespr\u00e4ch: &#8220;Die Unbeugsamen&#8221; von Torsten K\u00f6rner<\/h3>\n\n\n\n<p>6.5.2025, 18\u201321 Uhr, Georg-August-Universit\u00e4t G\u00f6ttingen, ZHG 008<\/p>\n\n\n\n<details class=\"wp-block-details is-layout-flow wp-block-details-is-layout-flow\"><summary>Details<\/summary>\n<p>DIE UNBEUGSAMEN erz\u00e4hlt die Geschichte der Frauen in der Bonner Republik, die sich ihre Beteiligung an den demokratischen Entscheidungsprozessen gegen erfolgsbesessene und amtstrunkene M\u00e4nner wie echte Pionierinnen buchst\u00e4blich erk\u00e4mpfen mussten. Unerschrocken, ehrgeizig und mit unendlicher Geduld verfolgten sie ihren Weg und trotzten Vorurteilen und sexueller Diskriminierung.<\/p>\n\n\n\n<p>Kontakt: Ezra Rudolph (<a href=\"mailto:ezra.rudolph@uni-goettingen.de\">ezra.rudolph@uni-goettingen.de<\/a>)<\/p>\n<\/details>\n\n\n\n<hr class=\"wp-block-separator has-alpha-channel-opacity\"\/>\n\n\n\n<h3 class=\"wp-block-heading\">\u201eWarum Demokratien sterben \u2013 Lehren aus dem 11. Jahrhundert\u201c<\/h3>\n\n\n\n<p>7.5.2025, 14\u201316 Uhr, Georg-August-Universit\u00e4t G\u00f6ttingen, KWZ 0.610<\/p>\n\n\n\n<details class=\"wp-block-details is-layout-flow wp-block-details-is-layout-flow\"><summary>Details<\/summary>\n<p>\u00d6ffentlicher Vortrag von Dr. Matthias Berlandi<\/p>\n<\/details>\n\n\n\n<hr class=\"wp-block-separator has-alpha-channel-opacity\"\/>\n\n\n\n<h3 class=\"wp-block-heading\">Verlegt \u2013 beachtet? Reinigung von G\u00f6ttinger Stolpersteinen und Erinnerung an die Opfer<\/h3>\n\n\n\n<p>8.5.2025, 14:30\u2013ca. 15:45 Uhr, G\u00e4nseliesel (Treffpunkt), Groner Stra\u00dfe und Papendiek<\/p>\n\n\n\n<details class=\"wp-block-details is-layout-flow wp-block-details-is-layout-flow\"><summary>Details<\/summary>\n<p>In zwei Stra\u00dfen der G\u00f6ttinger Innenstadt werden dort verlegte Stolpersteine gereinigt. Zwei kurze Vortr\u00e4ge erinnern an die Familien Kahn und Silbergleit, derer hier gedacht wird. Ein weiterer skizziert, wie weitere Opfergruppen in diese Form des Gedenkens k\u00fcnftig einbezogen werden.<\/p>\n\n\n\n<p>Kontakt: Dirk Schumann (<a href=\"mailto:dschuma@uni-goettingen.de\">dschuma@uni-goettingen.de<\/a>)<\/p>\n<\/details>\n\n\n\n<hr class=\"wp-block-separator has-alpha-channel-opacity\"\/>\n\n\n\n<h3 class=\"wp-block-heading\">Workshop: Studying history in \u201eunprecedented times\u201c. Mentale Gesundheit f\u00fcr Historiker*innen<\/h3>\n\n\n\n<p>9.5.2025, 14\u201316:00 Uhr, Georg-August-Universit\u00e4t G\u00f6ttingen, KWZ 0.602<\/p>\n\n\n\n<details class=\"wp-block-details is-layout-flow wp-block-details-is-layout-flow\"><summary>Anmeldung<\/summary>\n<p>Anmeldung unter Ezra Rudolph (<a href=\"mailto:ezra.rudolph@uni-goettingen.de\">ezra.rudolph@uni-goettingen.de<\/a>)<\/p>\n<\/details>\n\n\n\n<hr class=\"wp-block-separator has-alpha-channel-opacity\"\/>\n\n\n\n<h2 class=\"wp-block-heading has-accent-1-color has-text-color has-link-color wp-elements-a55964fa0e22790c8ba8c8788eed6cc4\">Gronau<\/h2>\n\n\n\n<h3 class=\"wp-block-heading\">J\u00fcdisches Landleben \u2013&nbsp;vergessene Welten in Westfalen<\/h3>\n\n\n\n<p>8.5.2025, 19 Uhr, Stadtb\u00fccherei Gronau, Parkstra\u00dfe 1<\/p>\n\n\n\n<details class=\"wp-block-details is-layout-flow wp-block-details-is-layout-flow\"><summary>Details<\/summary>\n<p>Der Journalist und Historiker Gisbert Strotdrees liest aus seinem 2024 erschienenen Buch &#8220;J\u00fcdisches Landleben \u2013&nbsp;vergessene Welten in Westfalen&#8221;. Darin erinnert er das jahrhundertealte, in der NS-Zeit zerst\u00f6rte j\u00fcdische Landleben zwischen Rhein und Weser und beleuchtet wenig bekannte, vergessene oder verdr\u00e4ngte Kapitel der Landesgeschichte.<\/p>\n\n\n\n<p>Kontakt: strotdrees@muenster.de<\/p>\n<\/details>\n\n\n\n<h2 class=\"wp-block-heading has-accent-1-color has-text-color has-link-color wp-elements-c9dcb26ad1189086b39c7c46754d4f0d\">Hamburg<\/h2>\n\n\n\n<h3 class=\"wp-block-heading\">Hamburger Genossenschaften und Genossenschaftler im Nationalsozialismus<\/h3>\n\n\n\n<p>5.5.2025, 16:00 Uhr, Genossenschafts-Museum Hamburg, Besenbinderhof 60, 20097<\/p>\n\n\n\n<details class=\"wp-block-details is-layout-flow wp-block-details-is-layout-flow\"><summary>Details<\/summary>\n<p>Der Genossenschaftshistoriker Dr. Holger Martens stellt Hamburger Genossenschaften und Genossenschaftler in der Zeit des Nationalsozialismus vor.<\/p>\n\n\n\n<p>Eine Veranstaltung der Historiker-Genossenschaft eG in Zusammenarbeit mit der Arbeitsstelle f\u00fcr Genossenschaftsgeschichte, Universit\u00e4t Hamburg, und dem Verein Adolph von Elm Institut f\u00fcr Genossenschaftsgeschichte e.V.<\/p>\n\n\n\n<p>Kontakt: h.martens@historikergenossenschaft.de<\/p>\n<\/details>\n\n\n\n<hr class=\"wp-block-separator has-alpha-channel-opacity\"\/>\n\n\n\n<h2 class=\"wp-block-heading has-accent-1-color has-text-color has-link-color wp-elements-63f1e76d9a845ca0c0461b3bc8f890e1\">Herne<\/h2>\n\n\n\n<h3 class=\"wp-block-heading\">Sie warnten vor Hitler: Leo Lania, Paula Schlier, Bella Fromm<\/h3>\n\n\n\n<p>7.5.2025, 18:30\u201320:00 Uhr, Haus am Gr\u00fcnen Ring, Wilhelmstr. 37, 44649 Herne; Raum 021<\/p>\n\n\n\n<details class=\"wp-block-details is-layout-flow wp-block-details-is-layout-flow\"><summary>Details<\/summary>\n<p>Bereits im Jahr 1923 erkannten Leo Lania und Paula Schlier die Gefahr, die vom Hitlerputsch in M\u00fcnchen weit \u00fcber dieses Ereignis hinausging. Ebenso Bella Fromm. All drei Frauen haben ihre Eindr\u00fccke und Erlebnisse schriftlich verarbeitet. Dieser Vortrag will exemplarisch darauf eingehen. Referieren wird Cassandra Speer. Geb\u00fchr: 7,00 \u20ac (erm.: 3,00 \u20ac) inkl. 19% USt.<\/p>\n\n\n\n<p>Kontakt: sybille.roessler-lelickens@herne.de<\/p>\n<\/details>\n\n\n\n<hr class=\"wp-block-separator has-alpha-channel-opacity\"\/>\n\n\n\n<h2 class=\"wp-block-heading has-accent-1-color has-text-color has-link-color wp-elements-76efc3d88966be4db22b8406bd951c03\">Jena<\/h2>\n\n\n\n<h3 class=\"wp-block-heading\">Entfesselte Gewalt. Das Kriegsende 1945 in Th\u00fcringen am Beispiel Saalfelds<\/h3>\n\n\n\n<p>7.5.2025, 18\u201320 Uhr, Ladenkirche Winzerla, Anna-Siemsen-Stra\u00dfe 29.<\/p>\n\n\n\n<details class=\"wp-block-details is-layout-flow wp-block-details-is-layout-flow\"><summary>Details<\/summary>\n<p>Der Vortrag von Johannes Streitberger beleuchtet das Kriegsende 1945 in Th\u00fcringen am Beispiel Saalfelds \u2013 vom Zerfall der NS-Herrschaft \u00fcber die Wirkung der Goebbelschen Durchhaltepropaganda und das Handeln lokaler Funktionstr\u00e4ger bis hin zu den NS-Endphaseverbrechen und Bombardierungen.<\/p>\n\n\n\n<p>Kontakt: johannes.streitberger@uni-jena.de<\/p>\n<\/details>\n\n\n\n<hr class=\"wp-block-separator has-alpha-channel-opacity\"\/>\n\n\n\n<h2 class=\"wp-block-heading has-accent-1-color has-text-color has-link-color wp-elements-9f566745da3e5b23f7b2c36874f95c4b\">Kiel<\/h2>\n\n\n\n<h3 class=\"wp-block-heading\">Unrecht im Namen der Justiz \u2013 Nationalsozialistische Gerichtsbarkeit in Schleswig-Holstein und Kiel. 8. Themenabend des Kieler Gelehrtenverzeichnisses zur Kieler B\u00fccherverbrennung<\/h3>\n\n\n\n<p>9.5.2025, 17:30 Uhr, COBL in der Legienstra\u00dfe 40, 24103 Kiel<\/p>\n\n\n\n<details class=\"wp-block-details is-layout-flow wp-block-details-is-layout-flow\"><summary>Details<\/summary>\n<p>Am Vorabend des 92. Jahrestages der Kieler B\u00fccherverbrennung nehmen wir das Gedenken an die schrecklichen Ereignisse im Mai 1933 zum Anlass, um die Rolle der schleswig-holsteinischen Justiz, die NS-Gerichtsbarkeit und deren Nachwirkungen zu beleuchten.<\/p>\n\n\n\n<p>Der Themenabend zielt darauf ab, aktuelle Forschungsvorhaben zur Aufarbeitung der NS-Vergangenheit in Schleswig-Holstein und Kiel mit einem interessierten Publikum bzw. der Stadt\u00f6ffentlichkeit zu teilen.<\/p>\n\n\n\n<p>Der Eintritt ist frei. Die R\u00e4umlichkeiten sind nicht barrierefrei.<\/p>\n\n\n\n<p>Kontakt: akrohn@histosem.uni-kiel.de<\/p>\n<\/details>\n\n\n\n<hr class=\"wp-block-separator has-alpha-channel-opacity\"\/>\n\n\n\n<h2 class=\"wp-block-heading has-accent-1-color has-text-color has-link-color wp-elements-1de70cc3c45606d0bfe9638b4e62acfe\" id=\"koeln\">K\u00f6ln<\/h2>\n\n\n\n<h3 class=\"wp-block-heading\">Die p\u00e4dagogische Arbeit im NS-Dokumentationszentrum K\u00f6ln<\/h3>\n\n\n\n<p>6.5.2025, 10 Uhr, online <\/p>\n\n\n\n<details class=\"wp-block-details is-layout-flow wp-block-details-is-layout-flow\"><summary>Details und Anmeldung<\/summary>\n<p>Im Rahmen eines geschichtsdidaktischen Hauptseminars werden wir von p\u00e4dagogischen Mitarbeitenden des NS-Dokumentationszentrums Einblicke in die p\u00e4dagogische Arbeit mit Schulklassen und anderen Gruppen junger Menschen erhalten. Eine zuh\u00f6rende Teilnahme per Zoom ist nach Anmeldung m\u00f6glich.<\/p>\n\n\n\n<p>Kontakt: Sebastian Barsch (<a href=\"mailto:s.barsch@uni-koeln.de\">s.barsch@uni-koeln.de<\/a>)<\/p>\n<\/details>\n\n\n\n<hr class=\"wp-block-separator has-alpha-channel-opacity\"\/>\n\n\n\n<h3 class=\"wp-block-heading\">F\u00fchrungen durch die Ausstellungen des Nationalsozialismus-Dokumentationszentrums der Stadt K\u00f6ln (NS Dok)<\/h3>\n\n\n\n<p class=\"is-style-default\">6.5.2025, 15 Uhr \u2022 7.5.2025, 14:30<\/p>\n\n\n\n<details class=\"wp-block-details is-layout-flow wp-block-details-is-layout-flow\"><summary>Details und Anmeldung<\/summary>\n<ul class=\"wp-block-list\">\n<li>6. Mai 2025, 15 Uhr: Ausstellung \u201eDie Dritte Welt im Zweiten Weltkrieg\u201c (in englischer Sprache)<\/li>\n\n\n\n<li>&nbsp;7. Mai 2025, 14:30 Uhr: Dauerausstellung \u201eK\u00f6ln im Nationalsozialismus\u201c<\/li>\n<\/ul>\n\n\n\n<p>Die Teilnahme an den F\u00fchrungen steht allen Interessierten offen<strong>&nbsp;(begrenzte Pl\u00e4tze!).&nbsp;<\/strong>Die Teilnahme ist kostenfrei.&nbsp;<\/p>\n\n\n\n<p>Veranstaltet in Zusammenarbeit mit der Fachschaft Geschichte.<\/p>\n\n\n\n<p>Kontakt: Silke Hackenesch&nbsp;(<a href=\"mailto:silke.hackenesch@uni-koeln.de\">silke.hackenesch@uni-koeln.de<\/a>)<\/p>\n<\/details>\n\n\n\n<hr class=\"wp-block-separator has-alpha-channel-opacity\"\/>\n\n\n\n<h3 class=\"wp-block-heading\">\u201eWir m\u00fcssen reden\u201c: Soziale Medien und Demokratie \u2013 Podiumsdiskussion<\/h3>\n\n\n\n<p class=\"is-style-default\">8.5.2025, 10\u201311:30 Uhr, Universit\u00e4t zu K\u00f6ln, Hauptgeb\u00e4ude, H\u00f6rsaal VIII<\/p>\n\n\n\n<details class=\"wp-block-details is-layout-flow wp-block-details-is-layout-flow\"><summary>Details<\/summary>\n<p>Historiker*innen und Kulturwissenschaftler*innen diskutieren mit dem Publikum:<\/p>\n\n\n\n<ul class=\"wp-block-list\">\n<li>Soziale Medien als Gefahr oder Chance f\u00fcr die Demokratie?<\/li>\n<\/ul>\n\n\n\n<ul class=\"wp-block-list\">\n<li>Wie hat sich die Struktur der sozialen Medien ver\u00e4ndert?<\/li>\n<\/ul>\n\n\n\n<ul class=\"wp-block-list\">\n<li>Welche Auswirkungen haben soziale Medien auf Geschichtsbilder?<\/li>\n<\/ul>\n\n\n\n<ul class=\"wp-block-list\">\n<li>Wie beeinflussen soziale Medien Geschichtsvermittlung in der Schule?<\/li>\n<\/ul>\n\n\n\n<p>Podiumsteilnehmer*innen:<\/p>\n\n\n\n<ul class=\"wp-block-list\">\n<li>Lars Gr\u00e4\u00dfer (Grimme-Institut)<\/li>\n\n\n\n<li>Moritz Hoffmann (Universit\u00e4t Heidelberg)<\/li>\n\n\n\n<li>Anja Neubert (Universit\u00e4t Leipzig)<\/li>\n<\/ul>\n\n\n\n<p>Kontakt: Debora Gerstenberger&nbsp;(<a href=\"mailto:debora.gerstenberger@uni-koeln.de\">debora.gerstenberger@uni-koeln.de<\/a>)<\/p>\n<\/details>\n\n\n\n<hr class=\"wp-block-separator has-alpha-channel-opacity\"\/>\n\n\n\n<h2 class=\"wp-block-heading has-accent-1-color has-text-color has-link-color wp-elements-87401767507a24ad9cc261fe4164826d\">Kassel<\/h2>\n\n\n\n<h3 class=\"wp-block-heading\">08.05.1945 &#8211; 08.05.2025 &#8211; Demokratietag des Studienseminars f\u00fcr Gymnasien Kassel<\/h3>\n\n\n\n<p>8.5.2025, 13:30\u201317:00 Uhr, Studienseminar f\u00fcr Gymnasien Kassel, Wilhelmsh\u00f6her Allee 64, 34119 Kassel, Kreuzkirche Kassel, Luisenstr. 13, 34119 Kassel<\/p>\n\n\n\n<details class=\"wp-block-details is-layout-flow wp-block-details-is-layout-flow\"><summary>Details<\/summary>\n<p>Das Studienseminar f\u00fcr Gymnasien Kassel setzt die Reihe seiner Demokratietage fort. Ankn\u00fcpfend an die Veranstaltung vom 27.01.2025 liest Martin Doerry aus seinem Werk mit lokalem Bezug; Akteur:innen der Demokratiebildung stellen ihre Angebote und ihr Engagement vor.<\/p>\n\n\n\n<p>Lesung und Gespr\u00e4ch mit Dr. Martin Doerry: Lillis Tochter. Das Leben meiner Mutter im Schatten der Vergangenheit \u2013 eine deutsch-j\u00fcdische Familiengeschichte; Workshops mit Akteur:innen der Demokratiebildung aus Kassel und Nordhessen<\/p>\n\n\n\n<p>Kontakt: Poststelle.STS-GYM.KS@kultus.hessen.de<\/p>\n<\/details>\n\n\n\n<hr class=\"wp-block-separator has-alpha-channel-opacity\"\/>\n\n\n\n<h2 class=\"wp-block-heading has-accent-1-color has-text-color has-link-color wp-elements-c9eb1ed7c01f00717fcc01203667bc1b\">L\u00fcdenscheid<\/h2>\n\n\n\n<h3 class=\"wp-block-heading\">Vortrag und Buchvorstellung: Die Aufl\u00f6sung des Konzentrationslagers Sachsenhausen 1945<\/h3>\n\n\n\n<p>7.5.2025, 18 Uhr, Kulturhaus L\u00fcdenscheid, Freiherr-vom-Stein-Str. 9 und online in Zoom<\/p>\n\n\n\n<details class=\"wp-block-details is-layout-flow wp-block-details-is-layout-flow\"><summary>Details<\/summary>\n<p>Im Rahmen der L\u00fcdenscheider Gespr\u00e4che stellt Janine Fubel ihr Dissertationsprojekt vor. <\/p>\n\n\n\n<p>Mit dem Vorr\u00fccken der Roten Armee im Januar 1945 \u00fcber die<br>Oder erreichte das Kriegsgeschehen das KZ Sachsenhausen, eines<br>der zentralen Konzentrationslager auf deutschem Boden. Janine<br>Fubel untersucht die letzten Monate dieses zentralen deutschen<br>Konzentrationslagerkomplexes. Sie zeigt, wie die Lagerkomman-<br>dantur bereits zu diesem Zeitpunkt Evakuierungsma\u00dfnahmen er-<br>griff, bevor im April mit den Todesm\u00e4rschen die endg\u00fcltige R\u00e4u-<br>mung einsetzte.<\/p>\n\n\n\n<p>Moderation: Prof. Dr. Felix Ackermann, beide FernUniversit\u00e4t in Hagen, Lehrgebiet Public History.<\/p>\n\n\n\n<p>Live-Videostream \u00fcber Zoom<br>Meeting-ID: 650 9174 7032 Kenncode: 18394361<\/p>\n\n\n\n<p><\/p>\n<\/details>\n\n\n\n<hr class=\"wp-block-separator has-alpha-channel-opacity\"\/>\n\n\n\n<h2 class=\"wp-block-heading has-accent-1-color has-text-color has-link-color wp-elements-006b5820cc12858deb520e5350a6c8f8\">Mainz<\/h2>\n\n\n\n<h3 class=\"wp-block-heading\">Geschichte in der postkolonialen Demokratie<\/h3>\n\n\n\n<p>8.5.2025, 14\u201316 Uhr, Universit\u00e4t Mainz, Institut f\u00fcr Europ\u00e4ische Geschichte<\/p>\n\n\n\n<details class=\"wp-block-details is-layout-flow wp-block-details-is-layout-flow\"><summary>Details<\/summary>\n<p>Die deutsche Demokratie ist postkolonial. Historische Forschung in diesem Feld ist wichtig gegen die Normalisierung v\u00f6lkischen Denkens. Wie k\u00f6nnen Forschung, Lehre, Schule und Zivilgesellschaft dieser Situation gerecht werden?<\/p>\n\n\n\n<p>Kontakt: afrings@uni-mainz.de<\/p>\n<\/details>\n\n\n\n<hr class=\"wp-block-separator has-alpha-channel-opacity\"\/>\n\n\n\n<h2 class=\"wp-block-heading has-accent-1-color has-text-color has-link-color wp-elements-74d7087ac5a405b9b4b6b9bdcbb6a2c7\">Potsdam<\/h2>\n\n\n\n<h3 class=\"wp-block-heading\">Forschen in der Diktatur? Wie antidemokratische Str\u00f6mungen Wissenschaft gef\u00e4hrden<\/h3>\n\n\n\n<p>5.5.2025, 16 Uhr (s.t.), Potsdam, Campus Griebnitzsee, Haus 6, HS 04<\/p>\n\n\n\n<details class=\"wp-block-details is-layout-flow wp-block-details-is-layout-flow\"><summary>Details<\/summary>\n<p>Wie gesch\u00fctzt sind Individuen und Institutionen in Deutschland vor politischer Einflussnahme? Welche Handlungsm\u00f6glichkeiten hat eine Wissenschaft, die frei bleiben will, unter Druck?<\/p>\n\n\n\n<p>Kontakt: katharina.wesselmann@uni-potsdam.de<\/p>\n<\/details>\n\n\n\n<hr class=\"wp-block-separator has-alpha-channel-opacity\"\/>\n\n\n\n<h2 class=\"wp-block-heading has-accent-1-color has-text-color has-link-color wp-elements-d590dfb32484edd472da808222069cee\" id=\"saarbruecken\">Saarbr\u00fccken<\/h2>\n<\/div>\n\n\n\n<h3 class=\"wp-block-heading\">Frauen in Abstimmungskampf, Widerstand und Exil 1935-1945, Vortrag von Prof. Dr. B\u00e4rbel Kuhn<\/h3>\n\n\n\n<p>8.5.2025, 18:00 Uhr, Frauen- und Genderbibliothek, Gro\u00dfherzog-Friedrich-Stra\u00dfe 111<\/p>\n\n\n\n<details class=\"wp-block-details is-layout-flow wp-block-details-is-layout-flow\"><summary>Details<\/summary>\n<p>Vor 90 Jahren, am 13. Januar 1935, fand im Saargebiet eine Volksabstimmung statt, die bis heute kontrovers diskutiert wird. Die Saarl\u00e4nderinnen und Saarl\u00e4nder sollten sich entscheiden, ob sie zu Deutschland zur\u00fcckkehren, an Frankreich angegliedert werden wollten oder f\u00fcr die Beibehaltung des \u201eStatus quo\u201c waren. &nbsp;90.8 %&nbsp; der Abstimmungsberechtigten haben f\u00fcr die R\u00fcckgliederung des Saargebietes an Deutschland gestimmt, 8,9 % f\u00fcr den Status quo und 0,4% f\u00fcr die Vereinigung mit Frankreich. Die Wahlbeteiligung lag bei fast 98%. Die Frage, warum \u00fcber Parteigrenzen hinweg die Menschen an der Saar so einhellig f\u00fcr die R\u00fcckkehr nach Deutschland, selbst ein Nazi-Deutschland, gestimmt haben, bewegt bis heute die Gem\u00fcter und die Forschung. In dem Vortrag wird insbesondere nach der Rolle von Frauen im Abstimmungskampf gefragt.&nbsp;<\/p>\n\n\n\n<p>Kontakt: info(at)frauengenderbibliothek-saar.de<\/p>\n<\/details>\n\n\n\n<hr class=\"wp-block-separator has-alpha-channel-opacity\"\/>\n\n\n\n<h3 class=\"wp-block-heading\">\u201eImmer mit einem Fu\u00df im Grab\u201c. Erfahrungen deportierter deutscher Juden, Vortrag von Prof. Dr. Andrea L\u00f6w<\/h3>\n\n\n\n<p>8.5.2025, 18:00 Uhr, <strong>Politische Akademie der <\/strong>Stiftung Demokratie Saarland, Europaallee 18<\/p>\n\n\n\n<details class=\"wp-block-details is-layout-flow wp-block-details-is-layout-flow\"><summary>Details<\/summary>\n<p>Ab Herbst 1941 wurden die im Deutschen Reich verbliebenen J\u00fcdinnen und Juden systematisch \u201enach Osten\u201c deportiert. Der Deportationsbefehl war unerbittlich \u2013 ein Koffer war erlaubt, es blieb kaum Zeit, um alles zu regeln und Abschied zu nehmen. Dann wurden die Menschen aus ihrem bisherigen Leben gerissen. Wer konnte, schrieb Briefe an Verwandte, in denen sie ihnen und sich selbst Mut machen, aber auch ihre Sorgen und \u00c4ngste thematisierten. Auch w\u00e4hrend des Transports, in den Ghettos und den Lagern schrieben die Menschen Briefe und Postkarten, es sind Tageb\u00fccher und Chroniken \u00fcberliefert, die in der Situation selbst entstanden sind, was diese Zeugnisse so unmittelbar macht. Aus den Stimmen der einzelnen Menschen komponiert Andrea L\u00f6w eine Erz\u00e4hlung, die die ganze Ungeheuerlichkeit des Verbrechens emotional bewusst macht. Indem sie selbst zu Wort kommen, werden die Menschen sichtbar \u2013 als M\u00fctter, Kinder, Gro\u00dfeltern, als Liebende, als Junge und Alte. Sie schildern ihre \u00c4ngste und Hoffnungen, die Stationen bis zur Abreise, den Transport, das \u00dcberleben im Ghetto. Die meisten erwartete am Ziel der sichere Tod, die \u00dcberlebenden berichten von Gefangenschaft, Flucht und Rettung. Doch die \u201eBefreiung\u201c war f\u00fcr viele von ihnen nach anf\u00e4nglicher Freude kein gl\u00fccklicher Moment. Denn sie waren krank, in vielen F\u00e4llen v\u00f6llig allein und sie wussten nicht, wo ihr Zuhause ist oder wohin sie sich wenden sollten.<\/p>\n\n\n\n<p>Den Vortrag h\u00e4lt Prof. Dr. Andrea L\u00f6w, Wissenschaftliche Leiterin des Zentrums f\u00fcr Holocaust-Studien am Institut f\u00fcr Zeitgeschichte M\u00fcnchen.<\/p>\n\n\n\n<p>Die Veranstaltung findet in Kooperation mit der Synagogengemeinde Saar statt.<\/p>\n\n\n\n<p>Kontakt: <a href=\"mailto:info@sdsaar.de\">info@sdsaar.de<\/a>, 0681-90626 0<\/p>\n<\/details>\n\n\n\n<hr class=\"wp-block-separator has-alpha-channel-opacity\"\/>\n\n\n\n<h2 class=\"wp-block-heading has-accent-1-color has-text-color has-link-color wp-elements-fbe02e4c20b9a8ef5d25146e663e1b80\">Siegen<\/h2>\n\n\n\n<h3 class=\"wp-block-heading\">Demokratiebildung und Theater &#8211; Die NSU-Monologe<\/h3>\n\n\n\n<p>8.5.2025, 9\u201314:00 Uhr, Kulturhaus Lyz, St.-Johann-Str. 18, 57074 Siegen<\/p>\n\n\n\n<details class=\"wp-block-details is-layout-flow wp-block-details-is-layout-flow\"><summary>Details<\/summary>\n<p>Anhand des Theaterst\u00fccks &#8220;NSU-Monologe&#8221; soll mit den Teilnehmenden dar\u00fcber diskutiert werden, wie sich das Thema &#8220;Rechtsextremismus&#8221; in der Schule umsetzen l\u00e4sst.<\/p>\n\n\n\n<p>Kontakt: Petra Sch\u00f6ppner (petra.schoeppner@uni-siegen.de)<\/p>\n\n\n\n<p><strong>Die Veranstaltung ist bereits ausgebucht.<\/strong><br>Kooperation des Kommunalen Integrationszentrums Siegen-Wittgenstein, des ZfsLs Siegen, des Historischen Seminars der Uni Siegen (gef\u00f6rdert durch die B\u00fcrgerstiftung Siegen)<\/p>\n<\/details>\n\n\n\n<hr class=\"wp-block-separator has-alpha-channel-opacity\"\/>\n\n\n\n<h3 class=\"wp-block-heading\">Femi(ni)zide in Deutschland &#8211; Wor\u00fcber sprechen wir?<\/h3>\n\n\n\n<p>8.5.2025, 16:15\u201317:45 Uhr, Universit\u00e4t Siegen, Adolf-Reichwein-Stra\u00dfe 2, Geb\u00e4ude\/Raum: AR-K 116, 57076 Siegen<\/p>\n\n\n\n<details class=\"wp-block-details is-layout-flow wp-block-details-is-layout-flow\"><summary>Details<\/summary>\n<p>\u201eGet\u00f6tet, weil sie eine Frau ist\u201c \u2013 was steckt hinter diesem Claim? Empirisch handelt es sich um durchaus unterschiedliche Ph\u00e4nomene. Sabine Maier gibt in ihrem Vortrag einen \u00dcberblick \u00fcber die vielf\u00e4ltigen Tatkonstellationen und Kontexte, in denen Frauen in Deutschland T\u00f6tungsdelikten zum Opfer<br>fallen.<\/p>\n\n\n\n<p>Kontakt: uta.fenske@uni-siegen.de<\/p>\n<\/details>\n\n\n\n<hr class=\"wp-block-separator has-alpha-channel-opacity\"\/>\n\n\n\n<h2 class=\"wp-block-heading has-accent-1-color has-text-color has-link-color wp-elements-b0ecfa99c4f09d8f5681157ff0ce40c9\" id=\"stuttgart\">Stuttgart<\/h2>\n\n\n\n<h3 class=\"wp-block-heading\">Kapitulation und Neuanfang \u2013 Theodor Heuss und Elly Heuss-Knapp in der \u201eStunde Null\u201c (F\u00fchrung)<\/h3>\n\n\n\n<p>4.5.2025, 15:00 Uhr, Theodor-Heuss-Haus, Feuerbacher Weg 46<\/p>\n\n\n\n<details class=\"wp-block-details is-layout-flow wp-block-details-is-layout-flow\"><summary>Details<\/summary>\n<p>Theodor Heuss war w\u00e4hrend der NS-Zeit ins politische Abseits gedr\u00e4ngt worden, auch konnte er seiner T\u00e4tigkeit als Journalist nicht mehr uneingeschr\u00e4nkt nachgehen. Das Ende des 2. Weltkriegs erlebte er mit seiner Frau fernab von den Kriegsgeschehnissen in Heidelberg. Wie erlebte das Ehepaar Heuss das Ende des 2. Weltkriegs? Wie meisterten sie die entbehrungsreichen Jahre und schafften es, einen gro\u00dfen Beitrag zu leisten am politischen und gesellschaftlichen Wiederaufbau des Landes? Wie gelang es dem ersten Bundespr\u00e4sidenten, die junge Bundesrepublik in den Kreis der Staatengemeinschaft zur\u00fcckzuf\u00fchren? &nbsp; Die Themenf\u00fchrung beleuchtet das Ende des 2. Weltkriegs aus der Perspektive unseres ersten Bundespr\u00e4sidenten und seiner Frau. Sie geht auch der Frage nach, ob und wie sich der Blick auf den 8. Mai 1945 im Laufe der letzten 80 Jahre in unserer Erinnerungskultur gewandelt hat.<\/p>\n\n\n\n<p>Kontakt: Stiftung Bundespr\u00e4sident-Theodor-Heuss-Haus, Tel. (0711) 95 59 85-0; <a href=\"https:\/\/www.theodor-heuss-haus.de\/events\/event\/kapitulation-und-neuanfang-theodor-heuss-und-elly-heuss-knapp-in-der-stunde-null\">info@theodor-heuss-haus.de<\/a>; <\/p>\n<\/details>\n\n\n\n<hr class=\"wp-block-separator has-alpha-channel-opacity\"\/>\n\n\n\n<h3 class=\"wp-block-heading\">Der \u201eKrieg\u201c gegen die NS-Erinnerung. Geschichtsdeutungen der extremen Rechten nach 1945, Vortrag von Dr. Volker Wei\u00df<\/h3>\n\n\n\n<p>8.5.2025, 18:00 Uhr, Theodor-Heuss-Haus, Feuerbacher Weg 46<\/p>\n\n\n\n<details class=\"wp-block-details is-layout-flow wp-block-details-is-layout-flow\"><summary>Details<\/summary>\n<p>Die extreme Rechte deutet Geschichte gezielt um: So erkl\u00e4rt sie den Nationalsozialismus zum linken Projekt; Nazis verortet sie vor allem in der Ukraine. Die DDR wird f\u00fcr radikale Antikommunisten zum vielbewunderten preu\u00dfischen Ordnungsstaat und die untergegangene Sowjetunion zum Bollwerk gegen einen liberalen Westen. Damit konstruieren Rechtsextreme eine Vergangenheit, die es so nie gegeben hat, aber geschichtspolitisch \u00e4u\u00dferst wirkm\u00e4chtig ist.<\/p>\n\n\n\n<p>Der Historiker Volker Wei\u00df ordnet diese historischen Gegenerz\u00e4hlungen der extremen Rechten in eine lange Traditionslinie ein und arbeitet die Gefahren f\u00fcr die Gegenwart heraus: Der \u201eKrieg\u201c gegen Geschichte und NS-Erinnerung wird so zum Einfallstor, um die Werte der liberalen Demokratie zu untergraben.<\/p>\n\n\n\n<p>Dr. Volker Wei\u00df ist Historiker und war viele Jahre als Fachautor f\u00fcr gro\u00dfe \u00fcberregionale Zeitungen und Online-Magazine t\u00e4tig.<\/p>\n\n\n\n<p>Kontakt: <a href=\"https:\/\/www.theodor-heuss-haus.de\/events\/event\/kapitulation-und-neuanfang-theodor-heuss-und-elly-heuss-knapp-in-der-stunde-null\">Stiftung Bundespr\u00e4sident-Theodor-Heuss-Haus<\/a>, Tel. (0711) 95 59 85-0; <a href=\"mailto:info@theodor-heuss-haus.de\">info@theodor-heuss-haus.de<\/a><\/p>\n<\/details>\n\n\n\n<hr class=\"wp-block-separator has-alpha-channel-opacity\"\/>\n\n\n\n<h2 class=\"wp-block-heading is-style-default has-accent-1-color has-text-color has-link-color wp-elements-bf1d45dd4abee4553dacea190a5c0fba\" id=\"tuebingen\">T\u00fcbingen<\/h2>\n\n\n\n<h3 class=\"wp-block-heading\">\u201eDas Lied der Freiheit wird durch die Ukraine klingen\u201c? Krieg, Politik und \u00d6ffentlichkeit in der Ukraine \u2013 Journalistische Erfahrungen und Analysen<\/h3>\n\n\n\n<p>6.5.25, 18:15 Uhr, Universit\u00e4t T\u00fcbingen, Alte Aula, M\u00fcnzgasse 30<\/p>\n\n\n\n<details class=\"wp-block-details is-layout-flow wp-block-details-is-layout-flow\"><summary>Details<\/summary>\n<p>Die Journalistinnen Andrea Beer (Stuttgart\/Kyjiw) und Ellina Samowilowa (Kyjiw) berichten aus der Ukraine, die ihre Demokratie und Freiheit gegen den russischen \u00dcberfall verteidigt. Die Veranstaltung findet an der Universit\u00e4t T\u00fcbingen gemeinsam mit der Heinrich B\u00f6ll Stiftung Baden<br>W\u00fcrttemberg statt.<\/p>\n\n\n\n<p>Kontakt: osteuropa@uni-tuebingen.de<\/p>\n<\/details>\n\n\n\n<hr class=\"wp-block-separator has-alpha-channel-opacity\"\/>\n\n\n\n<h3 class=\"wp-block-heading\">Alt genug f\u00fcr politische Teilhabe?<\/h3>\n\n\n\n<p>7.5.2025, 14:00\u201315:30 Uhr, Universit\u00e4t T\u00fcbingen, Seminar f\u00fcr Zeitgeschichte, Wilhelmstr. 36, Hegelbau, R 405<\/p>\n\n\n\n<details class=\"wp-block-details is-layout-flow wp-block-details-is-layout-flow\"><summary>Details und Anmeldung<\/summary>\n<p>Die Frage ist alt, ab wann Menschen \u201em\u00fcndig\u201c genug sind, um vollwertige Mitglieder ihrer Gesellschaft zu sein. Im M\u00e4rz 1974 diskutierte der Deutsche Bundestag die Herabsetzung der Vollj\u00e4hrigkeit von 21 auf 18 Jahre. In verteilten Rollen lesen das Plenarprotokoll des Deutschen Bundestags und diskutieren die Argumente, die die Union, SPD und FDP vortrugen, um \u201epolitische M\u00fcndigkeit\u201c zu definieren. Diese Veranstaltung findet im Rahmen einer Lehrveranstaltung des Seminars f\u00fcr Zeitgeschichte der Uni T\u00fcbingen statt. Interessierte sind herzlich eingeladen teilzunehmen. Um Anmeldung per Mail wird gebeten.<\/p>\n\n\n\n<p>Kontakt: <a href=\"mailto:katharina.seibert@uni-tuebingen.de\">katharina.seibert@uni-tuebingen.de<\/a><\/p>\n<\/details>\n","protected":false},"excerpt":{"rendered":"<p>5.\u20139. Mai 2025 Bundesweit DEMO|KARTIERT \u2013 Demokratie vor Ort sichtbar machen 5.-9.5.2025, 24\/7 bundesweit Details Demokratie lebt vom Mitmachen, vom Erinnern, vom Hinschauen. Teile unter dem Hashtag #Demokartiert einen Ort, Platz, ein Denkmal oder einen Moment, der f\u00fcr dich Demokratie bedeutet. Gemeinsam machen wir Demokratie sichtbar! Kontakt: Kathrin Klausmeier (kathrin.klausmeier@uni-goettingen.de) &#8220;Democratic Institutions&#8221;. Drittes Panel der [&hellip;]<\/p>\n","protected":false},"author":2,"featured_media":0,"parent":0,"menu_order":0,"comment_status":"closed","ping_status":"closed","template":"","meta":{"footnotes":""},"class_list":["post-621","page","type-page","status-publish","hentry"],"_links":{"self":[{"href":"https:\/\/hist4dem.de\/en\/wp-json\/wp\/v2\/pages\/621","targetHints":{"allow":["GET"]}}],"collection":[{"href":"https:\/\/hist4dem.de\/en\/wp-json\/wp\/v2\/pages"}],"about":[{"href":"https:\/\/hist4dem.de\/en\/wp-json\/wp\/v2\/types\/page"}],"author":[{"embeddable":true,"href":"https:\/\/hist4dem.de\/en\/wp-json\/wp\/v2\/users\/2"}],"replies":[{"embeddable":true,"href":"https:\/\/hist4dem.de\/en\/wp-json\/wp\/v2\/comments?post=621"}],"version-history":[{"count":3,"href":"https:\/\/hist4dem.de\/en\/wp-json\/wp\/v2\/pages\/621\/revisions"}],"predecessor-version":[{"id":846,"href":"https:\/\/hist4dem.de\/en\/wp-json\/wp\/v2\/pages\/621\/revisions\/846"}],"wp:attachment":[{"href":"https:\/\/hist4dem.de\/en\/wp-json\/wp\/v2\/media?parent=621"}],"curies":[{"name":"wp","href":"https:\/\/api.w.org\/{rel}","templated":true}]}}