{"id":60,"date":"2025-03-25T13:59:40","date_gmt":"2025-03-25T13:59:40","guid":{"rendered":"https:\/\/hist4dem.de\/?page_id=60"},"modified":"2026-04-28T13:04:24","modified_gmt":"2026-04-28T11:04:24","slug":"aktionen","status":"publish","type":"page","link":"https:\/\/hist4dem.de\/en\/aktionen\/","title":{"rendered":"Aktionen"},"content":{"rendered":"\n<h2 class=\"wp-block-heading\"><strong><mark style=\"background-color:rgba(0, 0, 0, 0)\" class=\"has-inline-color has-accent-1-color\">Jahresthema 2026: Geschichtsmythen<\/mark><\/strong><\/h2>\n\n\n\n<p>Im Jahr 2026 organisiert hist4dem bundesweit Veranstaltungen und Aktionen zu Geschichtsmythen und ihrer Rolle f\u00fcr Geschichtsrevisionismus und antidemokratische Ideologien. Geplant sind Tagungen, Workshops und Vortr\u00e4ge ebenso wie Online-Formate und Social-Media-Beitr\u00e4ge, die informieren, einordnen und zur kritischen Auseinandersetzung anregen. Doch was genau meinen wir mit Geschichtsmythen?<\/p>\n\n\n\n<details class=\"wp-block-details is-layout-flow wp-block-details-is-layout-flow\"><summary>Weiterlesen \u2026<\/summary>\n<p>Geschichte \u2013 verstanden als die Deutung von Vergangenheit, mit der Menschen Wandel und Zukunft ihrer Existenz zu begreifen versuchen \u2013 ist voller Mythen \u00fcber Personen, Ereignisse und Zusammenh\u00e4nge. In der wissenschaftlichen Geschichtsforschung werden diese Mythen hinterfragt und in ihre historischen Kontexte eingeordnet, um Fakten von Vermutungen, Ereignisse von Erfindungen und Dogmen von Diskursen zu unterscheiden. Mythen finden sich sowohl im Alltag als auch im politischen Diskurs. Derzeit werden sie verst\u00e4rkt genutzt, um rechte und rechtsextreme Agenden und verschw\u00f6rungstheoretische Konstruktionen zu st\u00fctzen. Insbesondere Geschichtsmythen (z. B. \u201eBombenholocaust\u201c, Germanen als \u201eUrvolk\u201c der Deutschen) werden dabei als \u201ehistorische Wahrheit\u201c dargestellt, die von einer angeblich \u201elinksliberalen Agenda\u201c nationaler Erinnerungspolitik unterdr\u00fcckt w\u00fcrden.<\/p>\n\n\n\n<p>Das Netzwerk hist4dem hat sich daher entschieden, das Jahr 2026 unter das Thema \u201eGeschichtsmythen\u201c zu stellen. Zwar existiert seit der Antike die Gegen\u00fcberstellung von Mythos (\u201eErz\u00e4hlung, Rede, Wort\u201c) und Logos (\u201eWort, Sinn, Vernunft\u201c), die zeigt, dass beide eng miteinander verbunden sind. Im Rahmen unseres Jahresthemas verstehen wir unter Mythos jedoch jene Geschichtserz\u00e4hlung, die einer kritischen \u00dcberpr\u00fcfung nicht standh\u00e4lt und gezielt eingesetzt wird, um politische Wirkung zu erzielen. F\u00fcr unsere Analyse ist dabei nicht allein entscheidend, ob eine Erz\u00e4hlung \u201ewahr\u201c oder \u201efalsch\u201c ist. Zentral ist vielmehr, ob sie ihre Quellen offenlegt und wissenschaftlich \u00fcberpr\u00fcfbar ist \u2013 also, ob sie sich einer kritischen Debatte stellt.<\/p>\n\n\n\n<p>Die politische Funktion von Mythen ist oft schwer zu durchschauen. Sie erkl\u00e4ren komplexe Sachverhalte mit vereinfachenden Mitteln, versprechen Orientierung, stiften Sinn und tragen zur Konstruktion \u201eerfundener\u201c Gemeinschaften bei. Mythen spielten und spielen eine wichtige Rolle bei der Etablierung von Nationalstaaten oder der Rechtfertigung von Revolutionen. Sie sprechen Emotionen an und k\u00f6nnen mobilisieren. In diesem Sinne sind Mythen zun\u00e4chst weder \u201egut\u201c noch \u201eb\u00f6se\u201c. Gleichzeitig k\u00f6nnen sie historische Wirklichkeit verzerren und vorgeben, Unerkl\u00e4rliches oder Bedrohliches verst\u00e4ndlich zu machen. Sie k\u00f6nnen dazu beitragen, Demokratien zu destabilisieren und demokratische Erinnerungskulturen zu delegitimieren. H\u00e4ufig vereinfachen sie komplexe Zusammenh\u00e4nge, verst\u00e4rken Stereotype und Feindbilder und ziehen Grenzen zwischen einem vermeintlich \u201ebesseren Wir\u201c und einem \u201eschlechteren Ihr\u201c.<br>Im Mittelpunkt stehen f\u00fcr uns vor allem jene Mythen, die in geschichtsrevisionistischer Weise Ausgrenzung und gesellschaftliche Spaltung f\u00f6rdern. Gleichzeitig fragen wir danach, wie mit ihnen umzugehen ist. Neben Mythen, die in der aktuellen bundesrepublikanischen Debatte eine Rolle spielen, ber\u00fccksichtigen wir auch Beispiele aus anderen Weltregionen, um Vergleiche zu erm\u00f6glichen und Perspektiven in einer pluralen Gesellschaft zu erweitern.<\/p>\n<\/details>\n\n\n\n<h3 class=\"wp-block-heading\" id=\"Veranstaltungen-Geschichtsmythen\"><mark style=\"background-color:#523674\" class=\"has-inline-color has-base-color\">&nbsp;Veranstaltungen zum Jahresthema \u201eGeschichtsmythen\u201c&nbsp;<\/mark><\/h3>\n\n\n\n<h3 class=\"wp-block-heading\">Vortragsreihe \u201eGeschichtsmythen auf dem Pr\u00fcfstand\u201c<\/h3>\n\n\n\n<div class=\"wp-block-columns is-layout-flex wp-container-core-columns-is-layout-28f84493 wp-block-columns-is-layout-flex\">\n<div class=\"wp-block-column is-layout-flow wp-block-column-is-layout-flow\" style=\"flex-basis:33.33%\">\n<figure class=\"wp-block-image size-large\"><img loading=\"lazy\" decoding=\"async\" width=\"1024\" height=\"1024\" src=\"https:\/\/hist4dem.de\/wp-content\/uploads\/2026\/04\/Hist4Dem-Mythen-Programm-Quadrat.png-1024x1024.webp\" alt=\"\" class=\"wp-image-1070\" srcset=\"https:\/\/hist4dem.de\/wp-content\/uploads\/2026\/04\/Hist4Dem-Mythen-Programm-Quadrat.png-1024x1024.webp 1024w, https:\/\/hist4dem.de\/wp-content\/uploads\/2026\/04\/Hist4Dem-Mythen-Programm-Quadrat.png-300x300.webp 300w, https:\/\/hist4dem.de\/wp-content\/uploads\/2026\/04\/Hist4Dem-Mythen-Programm-Quadrat.png-150x150.webp 150w, https:\/\/hist4dem.de\/wp-content\/uploads\/2026\/04\/Hist4Dem-Mythen-Programm-Quadrat.png-768x768.webp 768w, https:\/\/hist4dem.de\/wp-content\/uploads\/2026\/04\/Hist4Dem-Mythen-Programm-Quadrat.png.webp 1350w\" sizes=\"auto, (max-width: 1024px) 100vw, 1024px\" \/><\/figure>\n<\/div>\n\n\n\n<div class=\"wp-block-column is-layout-flow wp-block-column-is-layout-flow\" style=\"flex-basis:66.66%\">\n<p><a href=\"https:\/\/www.leiza.de\/aktuelles\/nachricht\/geschichtsmythen-auf-dem-pruefstand\">LEIZA Leibniz-Zentrum f\u00fcr Arch\u00e4ologie<\/a>, Mainz<\/p>\n\n\n\n<p>20. Mai: Sklaverei (Thomas Weller)<br>3. Juni: Rasse (Malin Wilckens)<br>17. Juni: Wikinger (Dominik Wa\u00dfenhoven)<br>1. Juli: Germanen (Andreas Goltz)<\/p>\n<\/div>\n<\/div>\n\n\n\n<details class=\"wp-block-details is-layout-flow wp-block-details-is-layout-flow\"><summary>Details<\/summary>\n<p>Ab dem 20. Mai 2026 startet im Leibniz-Zentrum f\u00fcr Arch\u00e4ologie (LEIZA) in Mainz eine Vortragsreihe, die hist4dem in Kooperation mit dem LEIZA und dem IEG Mainz veranstaltet. Expertinnen und Experten beleuchten verbreitete historische Mythen zu Themen wie Sklaverei, Rasse, Wikingern und Germanen \u2013 differenziert, wissenschaftlich fundiert und hochaktuell.<\/p>\n\n\n\n<p>Mythen \u00fcber Vergangenheit und Herkunft finden sich im Alltag und im politischen Diskurs. Gegenw\u00e4rtig werden sie h\u00e4ufig (aber nicht nur) genutzt, um rechte und rechtsextreme Ziele zu st\u00fctzen.<\/p>\n\n\n\n<p>Geschichtsmythen, wie die von ethnisch reinen Germanen oder Wikingern oder der Versuch, eine \u201eschlechte\u201c islamische Sklaverei von einer weniger schlechten westlichen abzugrenzen, werden dabei als \u201ehistorische Wahrheit\u201c dargestellt. Diesen Versuchen der Umdeutung von Geschichte m\u00f6chten Historiker*innen f\u00fcr eine demokratische Gesellschaft in dieser Vortragsreihe eine bunte und vielf\u00e4ltige, oft widerspr\u00fcchliche und immer spannende und vor allem der Wahrheit verpflichtete Geschichte entgegenstellen.<\/p>\n\n\n\n<p>Die Vorlesungsreihe findet im\u00a0<strong>Leibniz-Zentrum f\u00fcr Arch\u00e4ologie (LEIZA) in Mainz<\/strong>\u00a0statt. Alle Veranstaltungen beginnen jeweils um 18:00 Uhr. Kontakt: <a href=\"https:\/\/www.geschichte.uni-mainz.de\/studium-und-lehre\/studienmanager\/\">Dr. Andreas Frings<\/a>, Historisches Seminar der JGU Mainz.<\/p>\n\n\n\n<p><strong>Programm<\/strong><\/p>\n\n\n\n<ul class=\"wp-block-list\">\n<li>20. Mai: Sklaverei (Thomas Weller, IEG Mainz)<\/li>\n\n\n\n<li>3. Juni: Rasse (Malin Wilckens, IEG Mainz)<\/li>\n\n\n\n<li>17. Juni: Wikinger (Dominik Wa\u00dfenhoven, Universit\u00e4t zu K\u00f6ln)<\/li>\n\n\n\n<li>1. Juli: Germanen (Andreas Goltz, JGU Mainz)<\/li>\n<\/ul>\n<\/details>\n\n\n\n<hr class=\"wp-block-separator has-alpha-channel-opacity\"\/>\n\n\n\n<h3 class=\"wp-block-heading\">Veranstaltungsreihe \u201eFake History? Geschichtsmythen unter der Lupe\u201c<\/h3>\n\n\n\n<div class=\"wp-block-columns is-layout-flex wp-container-core-columns-is-layout-28f84493 wp-block-columns-is-layout-flex\">\n<div class=\"wp-block-column is-layout-flow wp-block-column-is-layout-flow\" style=\"flex-basis:33.33%\">\n<figure class=\"wp-block-image size-large is-resized\"><img loading=\"lazy\" decoding=\"async\" width=\"725\" height=\"1024\" src=\"https:\/\/hist4dem.de\/wp-content\/uploads\/2026\/04\/02_Plakat-Veranstaltunhsreihe-Fake-History-725x1024.jpeg\" alt=\"\" class=\"wp-image-1066\" style=\"aspect-ratio:0.7080082546613063;width:210px;height:auto\" srcset=\"https:\/\/hist4dem.de\/wp-content\/uploads\/2026\/04\/02_Plakat-Veranstaltunhsreihe-Fake-History-725x1024.jpeg 725w, https:\/\/hist4dem.de\/wp-content\/uploads\/2026\/04\/02_Plakat-Veranstaltunhsreihe-Fake-History-212x300.jpeg 212w, https:\/\/hist4dem.de\/wp-content\/uploads\/2026\/04\/02_Plakat-Veranstaltunhsreihe-Fake-History-768x1085.jpeg 768w, https:\/\/hist4dem.de\/wp-content\/uploads\/2026\/04\/02_Plakat-Veranstaltunhsreihe-Fake-History-1087x1536.jpeg 1087w, https:\/\/hist4dem.de\/wp-content\/uploads\/2026\/04\/02_Plakat-Veranstaltunhsreihe-Fake-History.jpeg 1123w\" sizes=\"auto, (max-width: 725px) 100vw, 725px\" \/><\/figure>\n<\/div>\n\n\n\n<div class=\"wp-block-column is-layout-flow wp-block-column-is-layout-flow\" style=\"flex-basis:66.66%\">\n<p>21.5.\u201315.6.2026 in vier Th\u00fcringer St\u00e4dten<\/p>\n<\/div>\n<\/div>\n\n\n\n<details class=\"wp-block-details is-layout-flow wp-block-details-is-layout-flow\"><summary>Details<\/summary>\n<p>Die Veranstaltungsreihe widmet sich an vier Orten je einem Geschichtsmythos mit lokalem Bezug, der von Akteur:innen der Neuen Rechten genutzt wird, um aus der Vergangenheit vermeintliche Legitimation f\u00fcr ihre heutige politische Agenda zu gewinnen. Die Veranstaltungen finden bewusst in Orten jenseits der Th\u00fcringer Universit\u00e4tsst\u00e4dte statt, um insbesondere mit dem au\u00dferakademischen Publikum ins Gespr\u00e4ch zu kommen. Die Reihe wird gemeinsam von hist4dem, Geschichte statt Mythen und der Landeszentrale f\u00fcr politische Bildung Th\u00fcringen veranstaltet. Einzelne Veranstaltungen k\u00f6nnen auch per Livestream digital besucht werden.<\/p>\n\n\n\n<p>Weitere Infos: <a href=\"https:\/\/www.geschichte-statt-mythen.de\/veranstaltungen\/mythen_veranstaltungsreihe_fake_history\">https:\/\/www.geschichte-statt-mythen.de\/veranstaltungen\/mythen_veranstaltungsreihe_fake_history<\/a><\/p>\n<\/details>\n\n\n\n<hr class=\"wp-block-separator has-alpha-channel-opacity\"\/>\n\n\n\n<h3 class=\"wp-block-heading\">Ausstellung \u201eTh\u00fcringen \u2013 Land der offenen Heimaten\u201c<\/h3>\n\n\n\n<div class=\"wp-block-columns is-layout-flex wp-container-core-columns-is-layout-28f84493 wp-block-columns-is-layout-flex\">\n<div class=\"wp-block-column is-layout-flow wp-block-column-is-layout-flow\" style=\"flex-basis:33.33%\">\n<figure class=\"wp-block-image size-large is-resized\"><img loading=\"lazy\" decoding=\"async\" width=\"724\" height=\"1024\" src=\"https:\/\/hist4dem.de\/wp-content\/uploads\/2026\/04\/01_Plakat-Ausstellung-Thueringen-Land-d.-offenen-Heimaten-724x1024.jpg\" alt=\"\" class=\"wp-image-1065\" style=\"aspect-ratio:0.7070369736059788;width:209px;height:auto\" srcset=\"https:\/\/hist4dem.de\/wp-content\/uploads\/2026\/04\/01_Plakat-Ausstellung-Thueringen-Land-d.-offenen-Heimaten-724x1024.jpg 724w, https:\/\/hist4dem.de\/wp-content\/uploads\/2026\/04\/01_Plakat-Ausstellung-Thueringen-Land-d.-offenen-Heimaten-212x300.jpg 212w, https:\/\/hist4dem.de\/wp-content\/uploads\/2026\/04\/01_Plakat-Ausstellung-Thueringen-Land-d.-offenen-Heimaten-768x1086.jpg 768w, https:\/\/hist4dem.de\/wp-content\/uploads\/2026\/04\/01_Plakat-Ausstellung-Thueringen-Land-d.-offenen-Heimaten-1086x1536.jpg 1086w, https:\/\/hist4dem.de\/wp-content\/uploads\/2026\/04\/01_Plakat-Ausstellung-Thueringen-Land-d.-offenen-Heimaten.jpg 1240w\" sizes=\"auto, (max-width: 724px) 100vw, 724px\" \/><\/figure>\n<\/div>\n\n\n\n<div class=\"wp-block-column is-layout-flow wp-block-column-is-layout-flow\" style=\"flex-basis:66.66%\">\n<p>5.\u201328. Mai 2026, Michaeliskirche in Erfurt<\/p>\n<\/div>\n<\/div>\n\n\n\n<details class=\"wp-block-details is-layout-flow wp-block-details-is-layout-flow\"><summary>Details<\/summary>\n<p>Kultur und Landschaft, Brauch und Tracht, Musik und Theater, Handwerk und Industrie \u2013 Th\u00fcringen hat seit Jahrhunderten von kulturellen Einfl\u00fcssen und Zugewanderten aus aller Herren L\u00e4nder profitiert. Heimat war daher nie ein homogenes, abgeschlossenes System einer eng definierten Gruppe \u201eimmer schon Dagewesener\u201c. Und auch in Zukunft wird Th\u00fcringen nur lebenswert, attraktiv und produktiv bleiben, wenn sich das Land offen zeigt f\u00fcr ausw\u00e4rtige Einfl\u00fcsse, Ideen und Menschen. Die vom Heimatbund Th\u00fcringen e.V. in Kooperation mit der Offenen Arbeit Erfurt und hist4dem pr\u00e4sentierte Ausstellung gew\u00e4hrt vielf\u00e4ltige Einblicke in die Geschichte und Gegenwart eines weltoffenen Heimatverst\u00e4ndnisses.<\/p>\n\n\n\n<p>Weitere Infos: <a href=\"https:\/\/offenearbeiterfurt.de\/ausstellung-in-der-michaeliskirche\/\">https:\/\/offenearbeiterfurt.de\/ausstellung-in-der-michaeliskirche\/<\/a><\/p>\n<\/details>\n\n\n\n<hr class=\"wp-block-separator has-alpha-channel-opacity\"\/>\n\n\n\n<h3 class=\"wp-block-heading\">Juden als Feindbild. Antij\u00fcdische Mythen vom Mittelalter bis zur Gegenwart<\/h3>\n\n\n\n<div class=\"wp-block-columns is-layout-flex wp-container-core-columns-is-layout-28f84493 wp-block-columns-is-layout-flex\">\n<div class=\"wp-block-column is-layout-flow wp-block-column-is-layout-flow\" style=\"flex-basis:33.33%\">\n<figure data-wp-context=\"{&quot;imageId&quot;:&quot;69f447a385453&quot;}\" data-wp-interactive=\"core\/image\" data-wp-key=\"69f447a385453\" class=\"wp-block-image size-large wp-lightbox-container\"><img loading=\"lazy\" decoding=\"async\" width=\"724\" height=\"1024\" data-wp-class--hide=\"state.isContentHidden\" data-wp-class--show=\"state.isContentVisible\" data-wp-init=\"callbacks.setButtonStyles\" data-wp-on--click=\"actions.showLightbox\" data-wp-on--load=\"callbacks.setButtonStyles\" data-wp-on-window--resize=\"callbacks.setButtonStyles\" src=\"https:\/\/hist4dem.de\/wp-content\/uploads\/2026\/02\/Juden-als-Feindbild-Antijuedische-Mythen-vom-Mittelalter-bis-zur-Gegenwart-724x1024.jpg\" alt=\"\" class=\"wp-image-982\" srcset=\"https:\/\/hist4dem.de\/wp-content\/uploads\/2026\/02\/Juden-als-Feindbild-Antijuedische-Mythen-vom-Mittelalter-bis-zur-Gegenwart-724x1024.jpg 724w, https:\/\/hist4dem.de\/wp-content\/uploads\/2026\/02\/Juden-als-Feindbild-Antijuedische-Mythen-vom-Mittelalter-bis-zur-Gegenwart-212x300.jpg 212w, https:\/\/hist4dem.de\/wp-content\/uploads\/2026\/02\/Juden-als-Feindbild-Antijuedische-Mythen-vom-Mittelalter-bis-zur-Gegenwart-768x1086.jpg 768w, https:\/\/hist4dem.de\/wp-content\/uploads\/2026\/02\/Juden-als-Feindbild-Antijuedische-Mythen-vom-Mittelalter-bis-zur-Gegenwart-1086x1536.jpg 1086w, https:\/\/hist4dem.de\/wp-content\/uploads\/2026\/02\/Juden-als-Feindbild-Antijuedische-Mythen-vom-Mittelalter-bis-zur-Gegenwart.jpg 1414w\" sizes=\"auto, (max-width: 724px) 100vw, 724px\" \/><button\n\t\t\tclass=\"lightbox-trigger\"\n\t\t\ttype=\"button\"\n\t\t\taria-haspopup=\"dialog\"\n\t\t\taria-label=\"Enlarge\"\n\t\t\tdata-wp-init=\"callbacks.initTriggerButton\"\n\t\t\tdata-wp-on--click=\"actions.showLightbox\"\n\t\t\tdata-wp-style--right=\"state.imageButtonRight\"\n\t\t\tdata-wp-style--top=\"state.imageButtonTop\"\n\t\t>\n\t\t\t<svg xmlns=\"http:\/\/www.w3.org\/2000\/svg\" width=\"12\" height=\"12\" fill=\"none\" viewBox=\"0 0 12 12\">\n\t\t\t\t<path fill=\"#fff\" d=\"M2 0a2 2 0 0 0-2 2v2h1.5V2a.5.5 0 0 1 .5-.5h2V0H2Zm2 10.5H2a.5.5 0 0 1-.5-.5V8H0v2a2 2 0 0 0 2 2h2v-1.5ZM8 12v-1.5h2a.5.5 0 0 0 .5-.5V8H12v2a2 2 0 0 1-2 2H8Zm2-12a2 2 0 0 1 2 2v2h-1.5V2a.5.5 0 0 0-.5-.5H8V0h2Z\" \/>\n\t\t\t<\/svg>\n\t\t<\/button><\/figure>\n<\/div>\n\n\n\n<div class=\"wp-block-column is-layout-flow wp-block-column-is-layout-flow\" style=\"flex-basis:66.66%\">\n<p>Donnerstag, 26.2.2026, 19:30 Uhr<br>Offene Arbeit Erfurt, Allerheiligenstr. 9, 99084 Erfurt<br><a href=\"https:\/\/offenearbeiterfurt.de\/juden-als-feindbild-antijuedische-mythen-vom-mittelalter-bis-zur-gegenwart\/\">https:\/\/offenearbeiterfurt.de\/juden-als-feindbild-antijuedische-mythen-vom-mittelalter-bis-zur-gegenwart\/<\/a><\/p>\n<\/div>\n<\/div>\n\n\n\n<details class=\"wp-block-details is-layout-flow wp-block-details-is-layout-flow\"><summary>Details<\/summary>\n<p>Die j\u00fcdische Bev\u00f6lkerung hatte im Mittelalter europaweit immer wieder auf der Basis antij\u00fcdischer Mythen unter Diffamierung, Verfolgung und Pogromen zu leiden. Diese Stereotype und Mythen gilt es zu benennen und darzustellen, zumal sie nicht verschwunden sind, sondern bis in die Gegenwart hineinwirken. Diesem Thema widmet sich der Vortrag \u201eJuden als Feindbild. Antij\u00fcdische Mythen vom Mittelalter bis zur Gegenwart\u201c von Sabine Schmolinsky. Im Anschluss wird es die M\u00f6glichkeit zu R\u00fcckfragen und Diskussion geben.<\/p>\n\n\n\n<h4 class=\"wp-block-heading\">Kooperationspartner<\/h4>\n\n\n\n<ul class=\"wp-block-list\">\n<li><a href=\"https:\/\/offenearbeiterfurt.de\/\">Offene Arbeit Erfurt<\/a><\/li>\n\n\n\n<li><a href=\"https:\/\/weltoffenes-thueringen.de\/\">HiWelt<\/a><\/li>\n\n\n\n<li><a href=\"https:\/\/th.rosalux.de\/\">Rosa Luxemburg Stiftung Th\u00fcringen<\/a><\/li>\n<\/ul>\n<\/details>\n\n\n\n<hr class=\"wp-block-separator has-alpha-channel-opacity\"\/>\n\n\n\n<h2 class=\"wp-block-heading has-contrast-color has-text-color has-link-color wp-elements-ea963ea3dfdfa55dc316b32a527e4409\"><strong>Vergangene Aktionen<\/strong><\/h2>\n\n\n\n<h2 class=\"wp-block-heading has-accent-1-color has-text-color has-link-color wp-elements-7697b74dc9ac2817cd6f508ffa5c62c3\">Aktionen zum 9. November<\/h2>\n\n\n\n<h3 class=\"wp-block-heading has-accent-1-color has-text-color has-link-color wp-elements-a9f4570a5b8614c8dab0e80375588aeb\">online\/via Zoom<\/h3>\n\n\n\n<h3 class=\"wp-block-heading\">Der 9. November: Aufbr\u00fcche, Abgr\u00fcnde und die Fragilit\u00e4t der Demokratie<\/h3>\n\n\n\n<p>Sonntag, 9. November 2025, 16.00-18.15 Uhr<\/p>\n\n\n\n<details class=\"wp-block-details is-layout-flow wp-block-details-is-layout-flow\"><summary>Details<\/summary>\n<p>Am 9. November j\u00e4hren sich mehrere Schl\u00fcsselereignisse der deutschen Geschichte. Er steht f\u00fcr den Aufbruch in die Demokratie, aber auch f\u00fcr deren Fragilit\u00e4t. Anl\u00e4sslich dieses zentralen Datums l\u00e4dt hist4dem vier Expert:innen zu einer gemeinsamen Diskussion ein: \u00fcber den 9. November als Chiffre einer komplexen Geschichte, \u00fcber die Zerbrechlichkeit demokratischer Ordnungen und dar\u00fcber, dass Demokratie nur bestehen kann, wenn B\u00fcrger:innen sich aktiv f\u00fcr sie engagieren. In Zeiten, in denen die Demokratie unter Druck steht, ist ein fundierter Blick auf ihre Geschichte wichtiger denn je.<\/p>\n\n\n\n<p><em>Line-up<\/em>:<\/p>\n\n\n\n<p><strong>Der 9. November 1918: Kipppunkt der deutschen Demokratiegeschichte?<\/strong>&nbsp;(Kirsten Heinsohn, Forschungsstelle f\u00fcr Zeitgeschichte, Hamburg)<br><strong>Der 9. November 1923 und der Hitlerputsch: Gr\u00f6\u00dfenwahn oder Machtstrategie? Wie ein gescheiterter Putsch Hitler bekannt machte<\/strong>&nbsp;(Nadine Rossol, University of Essex)<br><strong>Der 9. November 1938: Die Novemberpogrome<\/strong> (TITEL tba) (Michael Wildt, HU Berlin)<br><strong>Der 9. November 1989: Der Mauerdurchbruch und die Freiheitsrevolution<\/strong>&nbsp;(Ilko-Sascha Kowalczuk, Berlin)<\/p>\n\n\n\n<p>Wir laden Sie und Euch herzlich ein, zuzuh\u00f6ren und mitzudiskutieren. Zuschalten k\u00f6nnen Sie sich auf Zoom unter&nbsp;<a href=\"https:\/\/uni-koeln.zoom.us\/j\/99979537933?pwd=hGC2szPv31HkasIOesBED3VtaBuFQ1.1\">https:\/\/uni-koeln.zoom.us\/j\/99979537933?pwd=hGC2szPv31HkasIOesBED3VtaBuFQ1.1<\/a><\/p>\n\n\n\n<p><\/p>\n<\/details>\n\n\n\n<h3 class=\"wp-block-heading is-style-default has-accent-1-color has-text-color has-link-color wp-elements-6c8d9c5f296dba73a6d15cf2ef6ccd19\">G\u00f6ttingen<\/h3>\n\n\n\n<h3 class=\"wp-block-heading\">Theaterauff\u00fchrung \u201eWas hei\u00dft hier ,Wir\u2018? Auf der Suche nach der deutschen Identit\u00e4t\u201c<\/h3>\n\n\n\n<div class=\"wp-block-columns is-layout-flex wp-container-core-columns-is-layout-28f84493 wp-block-columns-is-layout-flex\">\n<div class=\"wp-block-column is-layout-flow wp-block-column-is-layout-flow\" style=\"flex-basis:33.33%\">\n<figure data-wp-context=\"{&quot;imageId&quot;:&quot;69f447a386730&quot;}\" data-wp-interactive=\"core\/image\" data-wp-key=\"69f447a386730\" class=\"wp-block-image size-large wp-lightbox-container\"><img loading=\"lazy\" decoding=\"async\" width=\"728\" height=\"1024\" data-wp-class--hide=\"state.isContentHidden\" data-wp-class--show=\"state.isContentVisible\" data-wp-init=\"callbacks.setButtonStyles\" data-wp-on--click=\"actions.showLightbox\" data-wp-on--load=\"callbacks.setButtonStyles\" data-wp-on-window--resize=\"callbacks.setButtonStyles\" src=\"https:\/\/hist4dem.de\/wp-content\/uploads\/2025\/10\/251118-Plakat-A3-RZ-728x1024.jpg\" alt=\"\" class=\"wp-image-842\" srcset=\"https:\/\/hist4dem.de\/wp-content\/uploads\/2025\/10\/251118-Plakat-A3-RZ-728x1024.jpg 728w, https:\/\/hist4dem.de\/wp-content\/uploads\/2025\/10\/251118-Plakat-A3-RZ-213x300.jpg 213w, https:\/\/hist4dem.de\/wp-content\/uploads\/2025\/10\/251118-Plakat-A3-RZ-768x1080.jpg 768w, https:\/\/hist4dem.de\/wp-content\/uploads\/2025\/10\/251118-Plakat-A3-RZ-1092x1536.jpg 1092w, https:\/\/hist4dem.de\/wp-content\/uploads\/2025\/10\/251118-Plakat-A3-RZ-1457x2048.jpg 1457w, https:\/\/hist4dem.de\/wp-content\/uploads\/2025\/10\/251118-Plakat-A3-RZ-scaled.jpg 1821w\" sizes=\"auto, (max-width: 728px) 100vw, 728px\" \/><button\n\t\t\tclass=\"lightbox-trigger\"\n\t\t\ttype=\"button\"\n\t\t\taria-haspopup=\"dialog\"\n\t\t\taria-label=\"Enlarge\"\n\t\t\tdata-wp-init=\"callbacks.initTriggerButton\"\n\t\t\tdata-wp-on--click=\"actions.showLightbox\"\n\t\t\tdata-wp-style--right=\"state.imageButtonRight\"\n\t\t\tdata-wp-style--top=\"state.imageButtonTop\"\n\t\t>\n\t\t\t<svg xmlns=\"http:\/\/www.w3.org\/2000\/svg\" width=\"12\" height=\"12\" fill=\"none\" viewBox=\"0 0 12 12\">\n\t\t\t\t<path fill=\"#fff\" d=\"M2 0a2 2 0 0 0-2 2v2h1.5V2a.5.5 0 0 1 .5-.5h2V0H2Zm2 10.5H2a.5.5 0 0 1-.5-.5V8H0v2a2 2 0 0 0 2 2h2v-1.5ZM8 12v-1.5h2a.5.5 0 0 0 .5-.5V8H12v2a2 2 0 0 1-2 2H8Zm2-12a2 2 0 0 1 2 2v2h-1.5V2a.5.5 0 0 0-.5-.5H8V0h2Z\" \/>\n\t\t\t<\/svg>\n\t\t<\/button><\/figure>\n<\/div>\n\n\n\n<div class=\"wp-block-column is-layout-flow wp-block-column-is-layout-flow\" style=\"flex-basis:66.66%\">\n<p>Dienstag, 18.11.2025, 11:30 Uhr und 18:00 Uhr<br>Aula am Waldweg, Waldweg 26, 37073 G\u00f6ttingen<\/p>\n<\/div>\n<\/div>\n\n\n\n<details class=\"wp-block-details is-layout-flow wp-block-details-is-layout-flow\"><summary>Details<\/summary>\n<p>Das Theaterst\u00fcck nimmt Sie mit auf eine Suche nach der deutschen Identit\u00e4t. Die Produktion setzt sich mit den brennenden Fragen unserer Zeit auseinander: <\/p>\n\n\n\n<ul class=\"wp-block-list\">\n<li>Was bedeutet es, deutsch zu sein?<\/li>\n\n\n\n<li>Was ist \u201eundeutsch\u201c?<\/li>\n\n\n\n<li>Wie beeinflusst die Vergangenheit unsere Gegenwart und wie gestalten wir unsere Zukunft?<\/li>\n<\/ul>\n\n\n\n<p>Der Eintritt ist frei, um Anmeldung wird gebeten.<br><a href=\"https:\/\/hist4dem.de\/wp-content\/uploads\/2025\/10\/WHHW-Goettingen-18.11.25-zweiseitig-A5.pdf\" data-type=\"attachment\" data-id=\"840\">Alle weiteren Informationen k\u00f6nnen dem Flyer entnommen werden.<\/a><\/p>\n<\/details>\n\n\n\n<hr class=\"wp-block-separator has-alpha-channel-opacity\"\/>\n\n\n\n<h2 class=\"wp-block-heading has-accent-1-color has-text-color has-link-color wp-elements-3b36aa8cb6356f7745b9d140d70344e4\">Aktionswoche \u201eZeitalter der demokratischen Revolutionen\u201c, 4.-14. Juli 2025<\/h2>\n\n\n\n<p>Die Jahrestage der <em>Declaration of Independence<\/em>&nbsp;am 4. Juli 1776 und des Sturms auf die Bastille in Paris am 14. Juli 1789 waren uns Anlass, an die demokratischen Revolutionen und Traditionen in Europa und den Amerikas zu erinnern.<\/p>\n\n\n\n<p>Elf Tage lang wurden zentrale historische Texte vorgestellt, die von Idealen und Erfolgen, aber auch Vers\u00e4umnissen und dem Scheitern der demokratischen Revolutionen erz\u00e4hlen. Diese Quellen neu zu lesen, sch\u00e4rft den Blick auf unsere eigene Gegenwart.<\/p>\n\n\n\n<ul class=\"wp-block-list\">\n<li><a href=\"https:\/\/bsky.app\/search?q=%23hist4rev\">#hist4rev auf Bluesky<\/a><\/li>\n\n\n\n<li><a href=\"https:\/\/www.instagram.com\/explore\/search\/keyword\/?q=%23hist4rev\">#hist4rev auf Instagram<\/a><\/li>\n<\/ul>\n\n\n\n<p>Hier geht es <a href=\"https:\/\/hist4dem.de\/aktionswoche-zeitalter-der-demokratischen-revolutionen\/\" data-type=\"page\" data-id=\"835\">zur Liste der Veranstaltungen<\/a>.<\/p>\n\n\n\n<hr class=\"wp-block-separator has-alpha-channel-opacity\"\/>\n\n\n\n<h2 class=\"wp-block-heading has-accent-1-color has-text-color has-link-color wp-elements-371223d86515a9a94c704ad1683eae0e\">Aktionswoche \u201eDemokratie st\u00e4rken\u201c, 5.\u20139. Mai 2025<\/h2>\n\n\n\n<p>Zum Gedenktag am 8. Mai haben wir \u2013 die Initiative Historiker*innen f\u00fcr eine demokratische Gesellschaft (hist4dem) \u2013 mit einer Aktionswoche ein Zeichen f\u00fcr eine starke und wehrhafte Demokratie gesetzt. In zahlreichen Vortr\u00e4gen, Diskussionsveranstaltungen und Zeitzeug:innengespr\u00e4chen, Rundg\u00e4ngen und Workshops wurden Menschen dazu ermutigt, aktiv f\u00fcr eine Gesellschaft einzutreten, die sich auszeichnet durch Solidarit\u00e4t, Vielfalt, Rechtsstaatlichkeit, Offenheit und den Schutz der Menschenrechte.<\/p>\n\n\n\n<p>Hier geht es zur <a href=\"https:\/\/hist4dem.de\/aktionswoche-demokratie-staerken\/\" data-type=\"page\" data-id=\"621\">Liste der Veranstaltungen<\/a>.<\/p>\n\n\n\n<hr class=\"wp-block-separator has-alpha-channel-opacity\"\/>\n\n\n\n<p><\/p>\n\n\n\n<p>Wir bitten Mitglieder des Netzwerks hist4dem darum, ihre Veranstaltungen unter <a href=\"mailto:aktionen@hist4dem.de\">aktionen@hist4dem.de<\/a>&nbsp;zu melden.<\/p>\n\n\n\n<hr class=\"wp-block-separator has-alpha-channel-opacity\"\/>\n","protected":false},"excerpt":{"rendered":"<p>Jahresthema 2026: Geschichtsmythen Im Jahr 2026 organisiert hist4dem bundesweit Veranstaltungen und Aktionen zu Geschichtsmythen und ihrer Rolle f\u00fcr Geschichtsrevisionismus und antidemokratische Ideologien. Geplant sind Tagungen, Workshops und Vortr\u00e4ge ebenso wie Online-Formate und Social-Media-Beitr\u00e4ge, die informieren, einordnen und zur kritischen Auseinandersetzung anregen. Doch was genau meinen wir mit Geschichtsmythen? Weiterlesen \u2026 Geschichte \u2013 verstanden als die [&hellip;]<\/p>\n","protected":false},"author":2,"featured_media":0,"parent":0,"menu_order":0,"comment_status":"open","ping_status":"closed","template":"","meta":{"footnotes":""},"class_list":["post-60","page","type-page","status-publish","hentry"],"_links":{"self":[{"href":"https:\/\/hist4dem.de\/en\/wp-json\/wp\/v2\/pages\/60","targetHints":{"allow":["GET"]}}],"collection":[{"href":"https:\/\/hist4dem.de\/en\/wp-json\/wp\/v2\/pages"}],"about":[{"href":"https:\/\/hist4dem.de\/en\/wp-json\/wp\/v2\/types\/page"}],"author":[{"embeddable":true,"href":"https:\/\/hist4dem.de\/en\/wp-json\/wp\/v2\/users\/2"}],"replies":[{"embeddable":true,"href":"https:\/\/hist4dem.de\/en\/wp-json\/wp\/v2\/comments?post=60"}],"version-history":[{"count":164,"href":"https:\/\/hist4dem.de\/en\/wp-json\/wp\/v2\/pages\/60\/revisions"}],"predecessor-version":[{"id":1072,"href":"https:\/\/hist4dem.de\/en\/wp-json\/wp\/v2\/pages\/60\/revisions\/1072"}],"wp:attachment":[{"href":"https:\/\/hist4dem.de\/en\/wp-json\/wp\/v2\/media?parent=60"}],"curies":[{"name":"wp","href":"https:\/\/api.w.org\/{rel}","templated":true}]}}